{"id":47669,"date":"2022-11-15T11:41:17","date_gmt":"2022-11-15T14:41:17","guid":{"rendered":"https:\/\/marcozero.org\/soudehumanas\/?page_id=47669"},"modified":"2022-12-06T19:10:32","modified_gmt":"2022-12-06T22:10:32","slug":"a-tragedia","status":"publish","type":"page","link":"https:\/\/marcozero.org\/soudehumanas\/a-tragedia\/","title":{"rendered":"A Trag\u00e9dia"},"content":{"rendered":"<p>[et_pb_section fb_built=&#8221;1&#8243; _builder_version=&#8221;4.18.0&#8243; _module_preset=&#8221;default&#8221; background_enable_image=&#8221;off&#8221; custom_padding=&#8221;0px||0px||false|false&#8221; global_colors_info=&#8221;{}&#8221;][et_pb_row _builder_version=&#8221;4.19.2&#8243; _module_preset=&#8221;default&#8221; background_image=&#8221;https:\/\/marcozero.org\/soudehumanas\/wp-content\/uploads\/2022\/11\/topo-tragedia.jpg&#8221; parallax=&#8221;on&#8221; parallax_method=&#8221;off&#8221; width=&#8221;100%&#8221; max_width=&#8221;2560px&#8221; min_height=&#8221;450px&#8221; custom_padding=&#8221;0px||0px||false|false&#8221; background_last_edited=&#8221;on|phone&#8221; background_image_phone=&#8221;https:\/\/marcozero.org\/soudehumanas\/wp-content\/uploads\/2022\/12\/bg-tragedia-mobile.jpg&#8221; background_enable_image_phone=&#8221;on&#8221; parallax_phone=&#8221;off&#8221; global_colors_info=&#8221;{}&#8221;][et_pb_column type=&#8221;4_4&#8243; _builder_version=&#8221;4.18.0&#8243; _module_preset=&#8221;default&#8221; global_colors_info=&#8221;{}&#8221;][et_pb_slider _builder_version=&#8221;4.19.2&#8243; _module_preset=&#8221;default&#8221; global_colors_info=&#8221;{}&#8221;][et_pb_slide use_text_overlay=&#8221;on&#8221; text_overlay_color=&#8221;gcid-718e85d7-d42b-4270-8864-bd637a41e04f&#8221; _builder_version=&#8221;4.19.2&#8243; _module_preset=&#8221;default&#8221; header_level=&#8221;h1&#8243; header_font=&#8221;Cutive Mono||||||||&#8221; header_font_size=&#8221;76px&#8221; header_letter_spacing=&#8221;4px&#8221; body_font=&#8221;Cutive Mono|||on|||||&#8221; body_font_size=&#8221;76px&#8221; body_letter_spacing=&#8221;2px&#8221; body_line_height=&#8221;1em&#8221; background_color=&#8221;RGBA(255,255,255,0)&#8221; background_enable_color=&#8221;on&#8221; body_font_size_tablet=&#8221;76px&#8221; body_font_size_phone=&#8221;44px&#8221; body_font_size_last_edited=&#8221;on|phone&#8221; custom_css_slide_title=&#8221;background-color:#000;||display: inline;||padding: 0 30px;&#8221; custom_css_slide_container=&#8221;width:50%;&#8221; body_text_shadow_style=&#8221;preset5&#8243; body_text_shadow_horizontal_length=&#8221;0.05em&#8221; body_text_shadow_vertical_length=&#8221;0.05em&#8221; global_colors_info=&#8221;{%22gcid-718e85d7-d42b-4270-8864-bd637a41e04f%22:%91%22text_overlay_color%22%93}&#8221; custom_css_slide_container_last_edited=&#8221;on|desktop&#8221; custom_css_slide_container_tablet=&#8221;width:50%;&#8221; custom_css_slide_container_phone=&#8221;width:100%;&#8221; sticky_transition=&#8221;on&#8221;]<\/p>\n<p>A trag\u00e9dia<\/p>\n<p>[\/et_pb_slide][\/et_pb_slider][\/et_pb_column][\/et_pb_row][\/et_pb_section][et_pb_section fb_built=&#8221;1&#8243; _builder_version=&#8221;4.19.0&#8243; _module_preset=&#8221;default&#8221; background_color=&#8221;gcid-0a5e40a0-b4ca-42c7-9ac7-999fb7719821&#8243; background_enable_mask_style=&#8221;on&#8221; background_mask_style=&#8221;paint&#8221; background_mask_transform=&#8221;invert&#8221; global_colors_info=&#8221;{%22gcid-09f4ba3f-a92d-410b-89b5-65adc61a1aeb%22:%91%22background_pattern_color%22%93,%22gcid-0a5e40a0-b4ca-42c7-9ac7-999fb7719821%22:%91%22background_color%22%93}&#8221;][et_pb_row column_structure=&#8221;1_5,3_5,1_5&#8243; custom_padding_last_edited=&#8221;on|phone&#8221; _builder_version=&#8221;4.19.2&#8243; _module_preset=&#8221;default&#8221; custom_padding_tablet=&#8221;&#8221; custom_padding_phone=&#8221;0px||0px||false|false&#8221; global_colors_info=&#8221;{}&#8221;][et_pb_column type=&#8221;1_5&#8243; _builder_version=&#8221;4.18.0&#8243; _module_preset=&#8221;default&#8221; global_colors_info=&#8221;{}&#8221;][\/et_pb_column][et_pb_column type=&#8221;3_5&#8243; _builder_version=&#8221;4.18.0&#8243; _module_preset=&#8221;default&#8221; global_colors_info=&#8221;{}&#8221;][et_pb_text _builder_version=&#8221;4.19.0&#8243; _module_preset=&#8221;default&#8221; global_colors_info=&#8221;{}&#8221;]<\/p>\n<p>At\u00e9 aqui j\u00e1 entendemos que as piadas sobre ser de Humanas podem ser realmente engra\u00e7adas. O problema \u00e9 que essa zoeira com naturaliza a ideia de que de fato esta \u00e9 uma \u00e1rea menor, menos \u00fatil dentro das ci\u00eancias. Sabe aquele ditado &#8220;uma mentira contada mil vezes acaba virando verdade&#8221;? Nesse caso, uma zoeira repetida tantas vezes tamb\u00e9m vira verdade. No fundo, as pessoas ficariam bem mais felizes se seus filhos preferissem Rob\u00f3tica a Sociologia\u2026 Engenharia a Letras\u2026 Medicina a Filosofia.<\/p>\n<p>[\/et_pb_text][\/et_pb_column][et_pb_column type=&#8221;1_5&#8243; _builder_version=&#8221;4.18.0&#8243; _module_preset=&#8221;default&#8221; global_colors_info=&#8221;{}&#8221;][\/et_pb_column][\/et_pb_row][\/et_pb_section][et_pb_section fb_built=&#8221;1&#8243; _builder_version=&#8221;4.19.0&#8243; _module_preset=&#8221;default&#8221; background_color=&#8221;gcid-09f4ba3f-a92d-410b-89b5-65adc61a1aeb&#8221; background_enable_image=&#8221;off&#8221; parallax=&#8221;on&#8221; background_blend=&#8221;overlay&#8221; global_colors_info=&#8221;{%22gcid-0a5e40a0-b4ca-42c7-9ac7-999fb7719821%22:%91%22background_pattern_color%22%93,%22gcid-09f4ba3f-a92d-410b-89b5-65adc61a1aeb%22:%91%22background_color%22%93}&#8221;][et_pb_row column_structure=&#8221;1_2,1_2&#8243; _builder_version=&#8221;4.18.0&#8243; _module_preset=&#8221;default&#8221; global_colors_info=&#8221;{}&#8221;][et_pb_column type=&#8221;1_2&#8243; _builder_version=&#8221;4.18.0&#8243; _module_preset=&#8221;default&#8221; global_colors_info=&#8221;{}&#8221;][et_pb_image src=&#8221;https:\/\/marcozero.org\/soudehumanas\/wp-content\/uploads\/2022\/11\/temer.jpg&#8221; title_text=&#8221;temer&#8221; _builder_version=&#8221;4.19.2&#8243; _module_preset=&#8221;default&#8221; custom_margin=&#8221;15px||||false|false&#8221; animation_style=&#8221;slide&#8221; animation_direction=&#8221;left&#8221; animation_intensity_slide=&#8221;10%&#8221; global_colors_info=&#8221;{}&#8221;][\/et_pb_image][et_pb_text _builder_version=&#8221;4.19.2&#8243; _module_preset=&#8221;default&#8221; header_font=&#8221;Cutive Mono||||||||&#8221; header_font_size=&#8221;36px&#8221; header_line_height=&#8221;1.6em&#8221; background_layout=&#8221;dark&#8221; custom_margin=&#8221;70px||||false|false&#8221; global_colors_info=&#8221;{}&#8221;]<\/p>\n<h1>Os cortes<\/h1>\n<p>Esse risco \u00e9 t\u00e3o real que as Ci\u00eancias Humanas t\u00eam sido enfraquecidas por quem deveria fortalec\u00ea-las. <a href=\"http:\/\/www.planalto.gov.br\/ccivil_03\/constituicao\/emendas\/emc\/emc95.htm\" target=\"_blank\" rel=\"noopener\">Desde 2017, os investimentos p\u00fablicos em educa\u00e7\u00e3o vem caindo paulatinamente \u2013 sufocados, em parte, pela regra do Teto de Gastos<\/a>, que limita as despesas pela varia\u00e7\u00e3o da infla\u00e7\u00e3o do ano anterior. Apesar desse corte nas Humanas ter acontecido no governo Temer, que muita gente desconfia n\u00e3o ser humano, tamb\u00e9m n\u00e3o houve nenhum investimento da parte dele nas Ci\u00eancias Vamp\u00edricas.<\/p>\n<p>Mas o que come\u00e7ou a acontecer no governo Bolsonaro n\u00e3o tem precedentes na hist\u00f3ria da nossa gest\u00e3o p\u00fablica. N\u00e3o s\u00f3 pelos cortes, mas pelo desmonte como um todo. Uma sangria desatada na pesquisa cient\u00edfica brasileira e em diversos \u00f3rg\u00e3os do Minist\u00e9rio da Educa\u00e7\u00e3o, com aparelhamento, exonera\u00e7\u00f5es e desligamentos em massa. Foram quatro anos, cinco ministros e um dos maiores esc\u00e2ndalos de corrup\u00e7\u00e3o do governo \u2013 <a href=\"https:\/\/www.bbc.com\/portuguese\/brasil-61900067\" target=\"_blank\" rel=\"noopener\">o que terminou com o ent\u00e3o ministro da Educa\u00e7\u00e3o, Milton Ribeiro, preso pela Pol\u00edcia Federal, acusado de corrup\u00e7\u00e3o passiva, prevarica\u00e7\u00e3o e tr\u00e1fico de influ\u00eancia<\/a>. Como se n\u00e3o bastasse, a um m\u00eas do fim desse governo, <a href=\"https:\/\/www1.folha.uol.com.br\/educacao\/2022\/11\/governo-bolsonaro-congela-r-366-mi-e-zera-caixa-de-universidades-e-institutos-federais.shtml?utm_source=twitter&amp;utm_medium=social&amp;utm_campaign=twfolha\" target=\"_blank\" rel=\"noopener\">Bolsonaro ainda raspou o que havia de recursos dispon\u00edveis das universidades, cerca de 366 milh\u00f5es de reais<\/a>. O caixa das institui\u00e7\u00f5es foi zerado.<\/p>\n<blockquote>\n<p>&#8220;Seja com amea\u00e7as \u00e0 pesquisa e \u00e0 ci\u00eancia, seja com cortes de recursos, h\u00e1 um projeto pol\u00edtico para enfraquecimento dessas institui\u00e7\u00f5es, tentando descredenci\u00e1-las como vozes importantes em v\u00e1rios setores da vida, tais como a crise sanit\u00e1ria, que demonstrou o quanto \u00e9 relevante para um pa\u00eds ter institui\u00e7\u00f5es como o Instituto Butant\u00e3 e a Fiocruz, que abasteceram o pa\u00eds com parte das vacinas ofertadas \u00e0 popula\u00e7\u00e3o&#8221;, assegurou o relat\u00f3rio do Inesc, no in\u00edcio de 2022, ao concluir que temos o menor investimento em ensino superior dos \u00faltimos dez anos.<\/p>\n<\/blockquote>\n<p>&#8220;Os cortes s\u00e3o muito dram\u00e1ticos. Eles s\u00e3o muito expl\u00edcitos. Chegaram a dois ter\u00e7os do or\u00e7amento, voltamos a um patamar de or\u00e7amento de d\u00e9cadas atr\u00e1s. E o problema n\u00e3o \u00e9 s\u00f3 corte, uma universidade ter que parar por falta de pagamento de luz, de \u00e1gua, era tamb\u00e9m uma amea\u00e7a \u00e0s institui\u00e7\u00f5es, uma amea\u00e7a \u00e0 qualquer possibilidade de se ter uma produ\u00e7\u00e3o cient\u00edfica&#8221;, argumentou a professora da UFRJ L\u00edgia Bahia.<\/p>\n<p>Os &#8220;dois ter\u00e7os&#8221; que ela cita n\u00e3o s\u00e3o um exagero, muito menos uma conta mal feita por algu\u00e9m de humanas: dados da Sociedade Brasileira para o Progresso da Ci\u00eancia (SBPC) mostram que o or\u00e7amento do Minist\u00e9rio da Ci\u00eancia, Tecnologia e Inova\u00e7\u00f5es (MCTI), que vinha caindo desde 2016, diminuiu ainda mais nos \u00faltimos tr\u00eas anos. <a href=\"https:\/\/piaui.folha.uol.com.br\/sem-dinheiro-nao-tem-ciencia\/\" target=\"_blank\" rel=\"noopener\">Passou da ordem de 9 bilh\u00f5es de reais em 2018 para menos de 3 bilh\u00f5es de reais em 2021<\/a>. \u00c9 neste or\u00e7amento que est\u00e3o inclu\u00eddas as duas principais ag\u00eancias de fomento \u00e0 pesquisa do pa\u00eds, Capes e CNPq, que se dependessem desse governo j\u00e1 teriam ido pra PqP.<\/p>\n<p>[\/et_pb_text][\/et_pb_column][et_pb_column type=&#8221;1_2&#8243; _builder_version=&#8221;4.18.0&#8243; _module_preset=&#8221;default&#8221; global_colors_info=&#8221;{}&#8221;][et_pb_text _builder_version=&#8221;4.19.2&#8243; _module_preset=&#8221;default&#8221; text_font_size=&#8221;16px&#8221; text_line_height=&#8221;1.4em&#8221; header_font=&#8221;Cutive Mono||||||||&#8221; header_font_size=&#8221;36px&#8221; header_line_height=&#8221;1.6em&#8221; header_3_font=&#8221;Cutive Mono||||||||&#8221; header_3_text_color=&#8221;gcid-6639218f-ecae-4368-bbce-ba638e9f94a5&#8243; header_3_font_size=&#8221;24px&#8221; text_orientation=&#8221;center&#8221; background_layout=&#8221;dark&#8221; width=&#8221;70%&#8221; module_alignment=&#8221;center&#8221; global_colors_info=&#8221;{%22gcid-6639218f-ecae-4368-bbce-ba638e9f94a5%22:%91%22header_3_text_color%22%93}&#8221;]<\/p>\n<h3>GASTO COM EDUCA\u00c7\u00c3O<\/h3>\n<p>Despesas efetivadas, incluindo restos a pagar, corrigidas pela infla\u00e7\u00e3o (em R$ bilh\u00f5es)<\/p>\n<p>[\/et_pb_text][grdi_column_chart show_card=&#8221;off&#8221; chart_bg_color=&#8221;gcid-09f4ba3f-a92d-410b-89b5-65adc61a1aeb&#8221; chart_text_color=&#8221;#FFFFFF&#8221; grid_line_color=&#8221;#FFFFFF&#8221; animation=&#8221;true&#8221; chart_title=&#8221; &#8221; tooltip=&#8221;false&#8221; data_label=&#8221;true&#8221; datalabel_fontsize=&#8221;10px&#8221; bar_datalabel_position=&#8221;top&#8221; legend_show=&#8221;false&#8221; yaxis_label_fontsize=&#8221;12px&#8221; yaxis_label_color=&#8221;#FFFFFF&#8221; xaxis_label_fontsize=&#8221;12px&#8221; xaxis_label_color=&#8221;#FFFFFF&#8221; category=&#8221;2010,2011,2012,2013,2014,2015,2016,2017,2018,2019,2020,2021&#8243; data_element_value1=&#8221;92.6,101.9,121.2,130.2,150.3,143.3,146.7,144.7,130,126.6,118.5,118.4&#8243; fill_color1=&#8221;gcid-0a5e40a0-b4ca-42c7-9ac7-999fb7719821&#8243; responsive_chart_direction=&#8221;1&#8243; _builder_version=&#8221;4.19.0&#8243; _module_preset=&#8221;default&#8221; _unique_id=&#8221;5a2da3d1-4251-4196-bceb-b3d35967073c&#8221; module_text_color=&#8221;#FFFFFF&#8221; background_color=&#8221;gcid-09f4ba3f-a92d-410b-89b5-65adc61a1aeb&#8221; custom_margin=&#8221;-15px||||false|false&#8221; custom_css_main_element=&#8221;background-color:#f40091 !important;&#8221; global_colors_info=&#8221;{%22gcid-0a5e40a0-b4ca-42c7-9ac7-999fb7719821%22:%91%22fill_color1%22%93,%22gcid-09f4ba3f-a92d-410b-89b5-65adc61a1aeb%22:%91%22chart_bg_color%22,%22background_color%22%93}&#8221;][\/grdi_column_chart][et_pb_text _builder_version=&#8221;4.19.0&#8243; _module_preset=&#8221;default&#8221; text_font=&#8221;|300|||||||&#8221; text_font_size=&#8221;16px&#8221; text_line_height=&#8221;1.4em&#8221; header_font=&#8221;Cutive Mono||||||||&#8221; header_font_size=&#8221;36px&#8221; header_line_height=&#8221;1.6em&#8221; header_3_font=&#8221;Cutive Mono||||||||&#8221; header_3_text_color=&#8221;gcid-6639218f-ecae-4368-bbce-ba638e9f94a5&#8243; header_3_font_size=&#8221;24px&#8221; text_orientation=&#8221;right&#8221; background_layout=&#8221;dark&#8221; module_alignment=&#8221;center&#8221; custom_margin=&#8221;-20px||||false|false&#8221; global_colors_info=&#8221;{%22gcid-6639218f-ecae-4368-bbce-ba638e9f94a5%22:%91%22header_3_text_color%22%93}&#8221;]<\/p>\n<p>Fonte: Inesc, com base em dados do portal Siga Brasil<\/p>\n<p>[\/et_pb_text][et_pb_text _builder_version=&#8221;4.19.0&#8243; _module_preset=&#8221;default&#8221; text_font_size=&#8221;16px&#8221; text_line_height=&#8221;1.4em&#8221; header_font=&#8221;Cutive Mono||||||||&#8221; header_font_size=&#8221;36px&#8221; header_line_height=&#8221;1.6em&#8221; header_3_font=&#8221;Cutive Mono||||||||&#8221; header_3_text_color=&#8221;gcid-6639218f-ecae-4368-bbce-ba638e9f94a5&#8243; header_3_font_size=&#8221;24px&#8221; text_orientation=&#8221;center&#8221; background_layout=&#8221;dark&#8221; width=&#8221;70%&#8221; module_alignment=&#8221;center&#8221; custom_margin=&#8221;70px||||false|false&#8221; global_colors_info=&#8221;{%22gcid-6639218f-ecae-4368-bbce-ba638e9f94a5%22:%91%22header_3_text_color%22%93}&#8221;]<\/p>\n<h3>DESPESA COM EDUCA\u00c7\u00c3O SUPERIOR<\/h3>\n<p>Gastos efetivados, incluindo restos a pagar, corrigidos pela infla\u00e7\u00e3o (em R$ bilh\u00f5es)[\/et_pb_text][grdi_column_chart show_card=&#8221;off&#8221; chart_bg_color=&#8221;gcid-09f4ba3f-a92d-410b-89b5-65adc61a1aeb&#8221; chart_text_color=&#8221;#FFFFFF&#8221; grid_line_color=&#8221;#FFFFFF&#8221; animation=&#8221;true&#8221; chart_title=&#8221; &#8221; tooltip=&#8221;false&#8221; data_label=&#8221;true&#8221; datalabel_fontsize=&#8221;10px&#8221; bar_datalabel_position=&#8221;top&#8221; legend_show=&#8221;false&#8221; yaxis_label_fontsize=&#8221;12px&#8221; yaxis_label_color=&#8221;#FFFFFF&#8221; xaxis_label_fontsize=&#8221;12px&#8221; xaxis_label_color=&#8221;#FFFFFF&#8221; category=&#8221;2010,2011,2012,2013,2014,2015,2016,2017,2018,2019,2020,2021&#8243; data_element_value1=&#8221;34,38.5,39.5,42.7,46.4,46.1,42.3,43,40.1,41.9,38.8,35.9&#8243; fill_color1=&#8221;gcid-0a5e40a0-b4ca-42c7-9ac7-999fb7719821&#8243; responsive_chart_direction=&#8221;1&#8243; _builder_version=&#8221;4.19.0&#8243; _module_preset=&#8221;default&#8221; _unique_id=&#8221;5a2da3d1-4251-4196-bceb-b3d35967073c&#8221; module_text_color=&#8221;#FFFFFF&#8221; background_color=&#8221;RGBA(255,255,255,0)&#8221; custom_margin=&#8221;-15px||||false|false&#8221; global_colors_info=&#8221;{%22gcid-0a5e40a0-b4ca-42c7-9ac7-999fb7719821%22:%91%22fill_color1%22,%22fill_color1%22,%22fill_color1%22,%22fill_color1%22,%22fill_color1%22,%22fill_color1%22,%22fill_color1%22,%22fill_color1%22,%22fill_color1%22,%22fill_color1%22%93,%22gcid-718e85d7-d42b-4270-8864-bd637a41e04f%22:%91%22fill_color2%22,%22fill_color2%22,%22fill_color2%22,%22fill_color2%22,%22fill_color2%22,%22fill_color2%22,%22fill_color2%22,%22fill_color2%22,%22chart_bg_color%22%93,%22gcid-09f4ba3f-a92d-410b-89b5-65adc61a1aeb%22:%91%22background_color%22,%22chart_bg_color%22%93}&#8221;][\/grdi_column_chart][et_pb_text _builder_version=&#8221;4.19.0&#8243; _module_preset=&#8221;default&#8221; text_font=&#8221;|300|||||||&#8221; text_font_size=&#8221;16px&#8221; text_line_height=&#8221;1.4em&#8221; header_font=&#8221;Cutive Mono||||||||&#8221; header_font_size=&#8221;36px&#8221; header_line_height=&#8221;1.6em&#8221; header_3_font=&#8221;Cutive Mono||||||||&#8221; header_3_text_color=&#8221;gcid-6639218f-ecae-4368-bbce-ba638e9f94a5&#8243; header_3_font_size=&#8221;24px&#8221; text_orientation=&#8221;right&#8221; background_layout=&#8221;dark&#8221; module_alignment=&#8221;center&#8221; custom_margin=&#8221;-20px||||false|false&#8221; global_colors_info=&#8221;{%22gcid-6639218f-ecae-4368-bbce-ba638e9f94a5%22:%91%22header_3_text_color%22%93}&#8221;]<\/p>\n<p><span>Fonte: Inesc, com base em dados oficiais<\/span><\/p>\n<p>[\/et_pb_text][et_pb_text _builder_version=&#8221;4.19.0&#8243; _module_preset=&#8221;default&#8221; text_font_size=&#8221;16px&#8221; text_line_height=&#8221;1.4em&#8221; header_font=&#8221;Cutive Mono||||||||&#8221; header_font_size=&#8221;36px&#8221; header_line_height=&#8221;1.6em&#8221; header_3_font=&#8221;Cutive Mono||||||||&#8221; header_3_text_color=&#8221;gcid-6639218f-ecae-4368-bbce-ba638e9f94a5&#8243; header_3_font_size=&#8221;24px&#8221; text_orientation=&#8221;center&#8221; background_layout=&#8221;dark&#8221; width=&#8221;70%&#8221; module_alignment=&#8221;center&#8221; custom_margin=&#8221;70px||||false|false&#8221; global_colors_info=&#8221;{%22gcid-6639218f-ecae-4368-bbce-ba638e9f94a5%22:%91%22header_3_text_color%22%93}&#8221;]<\/p>\n<h3>Or\u00e7amento da Subfun\u00e7\u00e3o Ensino Superior<\/h3>\n<p>Valores em bilh\u00f5es de reais constantes, corrigidos pelo IPCA de dezembro de 2021[\/et_pb_text][grdi_column_chart show_card=&#8221;off&#8221; chart_bg_color=&#8221;gcid-09f4ba3f-a92d-410b-89b5-65adc61a1aeb&#8221; chart_text_color=&#8221;#FFFFFF&#8221; grid_line_color=&#8221;#FFFFFF&#8221; animation=&#8221;true&#8221; chart_title=&#8221; &#8221; tooltip=&#8221;false&#8221; data_label=&#8221;true&#8221; datalabel_fontsize=&#8221;10px&#8221; bar_datalabel_position=&#8221;top&#8221; legend_show=&#8221;false&#8221; yaxis_label_fontsize=&#8221;12px&#8221; yaxis_label_color=&#8221;#FFFFFF&#8221; xaxis_label_fontsize=&#8221;12px&#8221; xaxis_label_color=&#8221;#FFFFFF&#8221; element_count=&#8221;2&#8243; category=&#8221;2019,2020,2021&#8243; data_element_value1=&#8221;42.62,39.63,36.09&#8243; fill_color1=&#8221;gcid-0a5e40a0-b4ca-42c7-9ac7-999fb7719821&#8243; data_element_value2=&#8221;40.65,37.66,34.82&#8243; fill_color2=&#8221;gcid-718e85d7-d42b-4270-8864-bd637a41e04f&#8221; responsive_chart_direction=&#8221;1&#8243; _builder_version=&#8221;4.19.0&#8243; _module_preset=&#8221;default&#8221; _unique_id=&#8221;5a2da3d1-4251-4196-bceb-b3d35967073c&#8221; module_text_color=&#8221;#FFFFFF&#8221; background_color=&#8221;RGBA(255,255,255,0)&#8221; custom_margin=&#8221;-15px||||false|false&#8221; global_colors_info=&#8221;{%22gcid-0a5e40a0-b4ca-42c7-9ac7-999fb7719821%22:%91%22fill_color1%22,%22fill_color1%22,%22fill_color1%22,%22fill_color1%22,%22fill_color1%22,%22fill_color1%22,%22fill_color1%22,%22fill_color1%22,%22fill_color1%22,%22fill_color1%22%93,%22gcid-718e85d7-d42b-4270-8864-bd637a41e04f%22:%91%22fill_color2%22,%22fill_color2%22,%22fill_color2%22,%22fill_color2%22,%22fill_color2%22,%22fill_color2%22,%22fill_color2%22,%22fill_color2%22,%22chart_bg_color%22,%22fill_color2%22%93,%22gcid-09f4ba3f-a92d-410b-89b5-65adc61a1aeb%22:%91%22background_color%22,%22chart_bg_color%22%93}&#8221;][\/grdi_column_chart][et_pb_text _builder_version=&#8221;4.19.0&#8243; _module_preset=&#8221;default&#8221; text_font=&#8221;|300|||||||&#8221; text_font_size=&#8221;16px&#8221; text_line_height=&#8221;1.4em&#8221; header_font=&#8221;Cutive Mono||||||||&#8221; header_font_size=&#8221;36px&#8221; header_line_height=&#8221;1.6em&#8221; header_3_font=&#8221;Cutive Mono||||||||&#8221; header_3_text_color=&#8221;gcid-6639218f-ecae-4368-bbce-ba638e9f94a5&#8243; header_3_font_size=&#8221;24px&#8221; text_orientation=&#8221;right&#8221; background_layout=&#8221;dark&#8221; module_alignment=&#8221;center&#8221; custom_margin=&#8221;-20px||||false|false&#8221; global_colors_info=&#8221;{%22gcid-6639218f-ecae-4368-bbce-ba638e9f94a5%22:%91%22header_3_text_color%22%93}&#8221;]<\/p>\n<p>Fonte: Siga Brasil. Dados extra\u00eddos em 4 de fevereiro de 2022 Elabora\u00e7\u00e3o: Inesc<\/p>\n<p>[\/et_pb_text][et_pb_text _builder_version=&#8221;4.19.2&#8243; _module_preset=&#8221;default&#8221; text_font_size=&#8221;16px&#8221; text_line_height=&#8221;1.4em&#8221; header_font=&#8221;Cutive Mono||||||||&#8221; header_font_size=&#8221;36px&#8221; header_line_height=&#8221;1.6em&#8221; header_3_font=&#8221;Cutive Mono||||||||&#8221; header_3_text_color=&#8221;gcid-6639218f-ecae-4368-bbce-ba638e9f94a5&#8243; header_3_font_size=&#8221;24px&#8221; text_orientation=&#8221;center&#8221; background_layout=&#8221;dark&#8221; width=&#8221;70%&#8221; module_alignment=&#8221;center&#8221; custom_margin=&#8221;70px||||false|false&#8221; global_colors_info=&#8221;{%22gcid-6639218f-ecae-4368-bbce-ba638e9f94a5%22:%91%22header_3_text_color%22%93}&#8221;]<\/p>\n<h3>Fundos de apoio \u00e0 pesquisa<\/h3>\n<p>Valores em bilh\u00f5es de reais[\/et_pb_text][grdi_area_chart show_card=&#8221;off&#8221; chart_bg_color=&#8221;gcid-09f4ba3f-a92d-410b-89b5-65adc61a1aeb&#8221; chart_text_color=&#8221;#FFFFFF&#8221; grid_line_color=&#8221;#FFFFFF&#8221; animation=&#8221;true&#8221; tooltip=&#8221;false&#8221; chart_title=&#8221; &#8221; data_label=&#8221;true&#8221; legend_show=&#8221;false&#8221; yaxis_label_fontsize=&#8221;12px&#8221; yaxis_label_color=&#8221;#FFFFFF&#8221; xaxis_label_fontsize=&#8221;12px&#8221; xaxis_label_color=&#8221;#FFFFFF&#8221; category=&#8221;2015,2016,2017,2018,2019,2020&#8243; data_element_value1=&#8221;13.97,9.42,8.39,6.74,6.8,4.4&#8243; fill_color1=&#8221;gcid-0a5e40a0-b4ca-42c7-9ac7-999fb7719821&#8243; _builder_version=&#8221;4.19.2&#8243; _module_preset=&#8221;default&#8221; _unique_id=&#8221;e8950e6a-be48-43cb-af9f-d68a32d8b4d3&#8243; background_enable_color=&#8221;off&#8221; global_colors_info=&#8221;{%22gcid-0a5e40a0-b4ca-42c7-9ac7-999fb7719821%22:%91%22fill_color1%22,%22fill_color1%22,%22fill_color1%22,%22fill_color1%22,%22fill_color1%22,%22fill_color1%22,%22fill_color1%22,%22fill_color1%22,%22fill_color1%22,%22fill_color1%22,%22fill_color1%22,%22fill_color1%22,%22fill_color1%22,%22fill_color1%22,%22fill_color1%22,%22fill_color1%22%93,%22gcid-718e85d7-d42b-4270-8864-bd637a41e04f%22:%91%22fill_color2%22,%22fill_color2%22,%22fill_color2%22,%22fill_color2%22,%22fill_color2%22,%22fill_color2%22,%22fill_color2%22,%22fill_color2%22,%22chart_bg_color%22,%22fill_color2%22,%22fill_color2%22,%22fill_color2%22,%22fill_color2%22,%22fill_color2%22,%22fill_color2%22,%22fill_color2%22,%22fill_color2%22%93,%22gcid-09f4ba3f-a92d-410b-89b5-65adc61a1aeb%22:%91%22chart_bg_color%22%93}&#8221;][\/grdi_area_chart][et_pb_text _builder_version=&#8221;4.19.2&#8243; _module_preset=&#8221;default&#8221; text_font=&#8221;|300|||||||&#8221; text_font_size=&#8221;16px&#8221; text_line_height=&#8221;1.4em&#8221; header_font=&#8221;Cutive Mono||||||||&#8221; header_font_size=&#8221;36px&#8221; header_line_height=&#8221;1.6em&#8221; header_3_font=&#8221;Cutive Mono||||||||&#8221; header_3_text_color=&#8221;gcid-6639218f-ecae-4368-bbce-ba638e9f94a5&#8243; header_3_font_size=&#8221;24px&#8221; text_orientation=&#8221;right&#8221; background_layout=&#8221;dark&#8221; module_alignment=&#8221;center&#8221; custom_margin=&#8221;-20px||||false|false&#8221; global_colors_info=&#8221;{%22gcid-6639218f-ecae-4368-bbce-ba638e9f94a5%22:%91%22header_3_text_color%22%93}&#8221;]<\/p>\n<p>Recursos para capes+CNPq+FNDCT. Fonte: IPEA<\/p>\n<p>[\/et_pb_text][\/et_pb_column][\/et_pb_row][et_pb_row column_structure=&#8221;1_4,3_4&#8243; _builder_version=&#8221;4.19.2&#8243; _module_preset=&#8221;default&#8221; width=&#8221;45%&#8221; width_tablet=&#8221;45%&#8221; width_phone=&#8221;80%&#8221; width_last_edited=&#8221;on|phone&#8221; custom_padding=&#8221;60px||0px||false|false&#8221; custom_css_main_element=&#8221;align-items:center;&#8221; global_colors_info=&#8221;{}&#8221;][et_pb_column type=&#8221;1_4&#8243; _builder_version=&#8221;4.19.2&#8243; _module_preset=&#8221;default&#8221; global_colors_info=&#8221;{}&#8221;][et_pb_text _builder_version=&#8221;4.19.2&#8243; _module_preset=&#8221;default&#8221; text_font=&#8221;|800|||||||&#8221; text_font_size=&#8221;40px&#8221; text_orientation=&#8221;right&#8221; background_layout=&#8221;dark&#8221; custom_padding=&#8221;||||false|false&#8221; text_orientation_tablet=&#8221;right&#8221; text_orientation_phone=&#8221;left&#8221; text_orientation_last_edited=&#8221;on|phone&#8221; border_color_right=&#8221;#FFFFFF&#8221; global_colors_info=&#8221;{}&#8221;]<\/p>\n<p>2017<\/p>\n<p>[\/et_pb_text][\/et_pb_column][et_pb_column type=&#8221;3_4&#8243; _builder_version=&#8221;4.19.2&#8243; _module_preset=&#8221;default&#8221; global_colors_info=&#8221;{}&#8221;][et_pb_text _builder_version=&#8221;4.19.2&#8243; _module_preset=&#8221;default&#8221; text_text_color=&#8221;#FFFFFF&#8221; background_layout=&#8221;dark&#8221; custom_padding=&#8221;|||30px|false|false&#8221; border_color_all=&#8221;#FFFFFF&#8221; border_width_left=&#8221;3px&#8221; global_colors_info=&#8221;{}&#8221;]<\/p>\n<p>Gastos com Educa\u00e7\u00e3o despencam de 144,7 bilh\u00f5es \/ ano para 130 bilh\u00f5es<\/p>\n<p>[\/et_pb_text][\/et_pb_column][\/et_pb_row][et_pb_row column_structure=&#8221;1_4,3_4&#8243; make_equal=&#8221;on&#8221; custom_padding_last_edited=&#8221;on|phone&#8221; admin_label=&#8221;2018&#8243; _builder_version=&#8221;4.19.2&#8243; _module_preset=&#8221;default&#8221; width=&#8221;45%&#8221; width_tablet=&#8221;45%&#8221; width_phone=&#8221;80%&#8221; width_last_edited=&#8221;on|phone&#8221; custom_padding=&#8221;10px||0px||false|false&#8221; custom_padding_tablet=&#8221;10px||0px||false|false&#8221; custom_padding_phone=&#8221;30px||0px||false|false&#8221; custom_css_main_element=&#8221;align-items:center;&#8221; global_colors_info=&#8221;{}&#8221;][et_pb_column type=&#8221;1_4&#8243; _builder_version=&#8221;4.19.2&#8243; _module_preset=&#8221;default&#8221; global_colors_info=&#8221;{}&#8221;][et_pb_text _builder_version=&#8221;4.19.2&#8243; _module_preset=&#8221;default&#8221; text_font=&#8221;|800|||||||&#8221; text_font_size=&#8221;40px&#8221; text_orientation=&#8221;right&#8221; background_layout=&#8221;dark&#8221; custom_padding=&#8221;||||false|false&#8221; text_orientation_tablet=&#8221;right&#8221; text_orientation_phone=&#8221;left&#8221; text_orientation_last_edited=&#8221;on|phone&#8221; border_color_right=&#8221;#FFFFFF&#8221; global_colors_info=&#8221;{}&#8221;]<\/p>\n<p>2018<\/p>\n<p>[\/et_pb_text][\/et_pb_column][et_pb_column type=&#8221;3_4&#8243; _builder_version=&#8221;4.19.2&#8243; _module_preset=&#8221;default&#8221; global_colors_info=&#8221;{}&#8221;][et_pb_text _builder_version=&#8221;4.19.2&#8243; _module_preset=&#8221;default&#8221; text_text_color=&#8221;#FFFFFF&#8221; background_layout=&#8221;dark&#8221; custom_padding=&#8221;|||30px|false|false&#8221; border_color_all=&#8221;#FFFFFF&#8221; border_width_left=&#8221;3px&#8221; global_colors_info=&#8221;{}&#8221;]<\/p>\n<p>Gastos com Educa\u00e7\u00e3o despencam de 130 bilh\u00f5es para 126,6 bilh\u00f5es\/ Bolsonaro em campanha avisa que vai cortar investimentos em Ci\u00eancias Humanas\/ Bolsonaro \u00e9 eleito<\/p>\n<p>[\/et_pb_text][\/et_pb_column][\/et_pb_row][et_pb_row column_structure=&#8221;1_4,3_4&#8243; make_equal=&#8221;on&#8221; custom_padding_last_edited=&#8221;on|phone&#8221; admin_label=&#8221;2019&#8243; _builder_version=&#8221;4.19.2&#8243; _module_preset=&#8221;default&#8221; width=&#8221;45%&#8221; width_tablet=&#8221;45%&#8221; width_phone=&#8221;80%&#8221; width_last_edited=&#8221;on|phone&#8221; custom_padding=&#8221;10px||0px||false|false&#8221; custom_padding_tablet=&#8221;10px||0px||false|false&#8221; custom_padding_phone=&#8221;30px||0px||false|false&#8221; custom_css_main_element=&#8221;align-items:center;&#8221; global_colors_info=&#8221;{}&#8221;][et_pb_column type=&#8221;1_4&#8243; _builder_version=&#8221;4.19.2&#8243; _module_preset=&#8221;default&#8221; global_colors_info=&#8221;{}&#8221;][et_pb_text _builder_version=&#8221;4.19.2&#8243; _module_preset=&#8221;default&#8221; text_font=&#8221;|800|||||||&#8221; text_font_size=&#8221;40px&#8221; text_orientation=&#8221;right&#8221; background_layout=&#8221;dark&#8221; custom_padding=&#8221;||||false|false&#8221; text_orientation_tablet=&#8221;right&#8221; text_orientation_phone=&#8221;left&#8221; text_orientation_last_edited=&#8221;on|phone&#8221; border_color_right=&#8221;#FFFFFF&#8221; global_colors_info=&#8221;{}&#8221;]<\/p>\n<p>2019<\/p>\n<p>[\/et_pb_text][\/et_pb_column][et_pb_column type=&#8221;3_4&#8243; _builder_version=&#8221;4.19.2&#8243; _module_preset=&#8221;default&#8221; global_colors_info=&#8221;{}&#8221;][et_pb_text _builder_version=&#8221;4.19.2&#8243; _module_preset=&#8221;default&#8221; text_text_color=&#8221;#FFFFFF&#8221; background_layout=&#8221;dark&#8221; custom_padding=&#8221;|||30px|false|false&#8221; border_color_all=&#8221;#FFFFFF&#8221; border_width_left=&#8221;3px&#8221; global_colors_info=&#8221;{}&#8221;]<\/p>\n<p>Gastos com Educa\u00e7\u00e3o despencam de 126,6 bilh\u00f5es para 118,5 bilh\u00f5es\/ Em abril, Bolsonaro anuncia que vai sangrar as Ci\u00eancias Humanas\/ Protestos #15M se espalham por todo o pa\u00eds\/ O primeiro ministro de Educa\u00e7\u00e3o de Bolsonaro, Ricardo Velez Rodrigues, cai com 3 meses de posse<\/p>\n<p>[\/et_pb_text][\/et_pb_column][\/et_pb_row][et_pb_row column_structure=&#8221;1_4,3_4&#8243; make_equal=&#8221;on&#8221; custom_padding_last_edited=&#8221;on|phone&#8221; admin_label=&#8221;2020&#8243; _builder_version=&#8221;4.19.2&#8243; _module_preset=&#8221;default&#8221; width=&#8221;45%&#8221; width_tablet=&#8221;45%&#8221; width_phone=&#8221;80%&#8221; width_last_edited=&#8221;on|phone&#8221; custom_padding=&#8221;10px||0px||false|false&#8221; custom_padding_tablet=&#8221;10px||0px||false|false&#8221; custom_padding_phone=&#8221;30px||0px||false|false&#8221; custom_css_main_element=&#8221;align-items:center;&#8221; global_colors_info=&#8221;{}&#8221;][et_pb_column type=&#8221;1_4&#8243; _builder_version=&#8221;4.19.2&#8243; _module_preset=&#8221;default&#8221; global_colors_info=&#8221;{}&#8221;][et_pb_text _builder_version=&#8221;4.19.2&#8243; _module_preset=&#8221;default&#8221; text_font=&#8221;|800|||||||&#8221; text_font_size=&#8221;40px&#8221; text_orientation=&#8221;right&#8221; background_layout=&#8221;dark&#8221; custom_padding=&#8221;||||false|false&#8221; text_orientation_tablet=&#8221;right&#8221; text_orientation_phone=&#8221;left&#8221; text_orientation_last_edited=&#8221;on|phone&#8221; border_color_right=&#8221;#FFFFFF&#8221; global_colors_info=&#8221;{}&#8221;]<\/p>\n<p>2020<\/p>\n<p>[\/et_pb_text][\/et_pb_column][et_pb_column type=&#8221;3_4&#8243; _builder_version=&#8221;4.19.2&#8243; _module_preset=&#8221;default&#8221; global_colors_info=&#8221;{}&#8221;][et_pb_text _builder_version=&#8221;4.19.2&#8243; _module_preset=&#8221;default&#8221; text_text_color=&#8221;#FFFFFF&#8221; background_layout=&#8221;dark&#8221; custom_padding=&#8221;|||30px|false|false&#8221; border_color_all=&#8221;#FFFFFF&#8221; border_width_left=&#8221;3px&#8221; global_colors_info=&#8221;{}&#8221;]<\/p>\n<p>Inep, respons\u00e1vel pelo Enem, perde quase 50% dos seus recursos\/ Abraham Weintraub, segundo ministro de Educa\u00e7\u00e3o de Bolsonaro, cai pouco mais de um ano depois de assumir a pasta\/ MInist\u00e9rio fica quase 1 m\u00eas totalmente \u00e0s cegas, sem ministro, depois da sa\u00edda de Carlos Decotelli, nomeado interino<\/p>\n<p>[\/et_pb_text][\/et_pb_column][\/et_pb_row][et_pb_row column_structure=&#8221;1_4,3_4&#8243; make_equal=&#8221;on&#8221; custom_padding_last_edited=&#8221;on|phone&#8221; admin_label=&#8221;2021&#8243; _builder_version=&#8221;4.19.2&#8243; _module_preset=&#8221;default&#8221; width=&#8221;45%&#8221; width_tablet=&#8221;45%&#8221; width_phone=&#8221;80%&#8221; width_last_edited=&#8221;on|phone&#8221; custom_padding=&#8221;10px||0px||false|false&#8221; custom_padding_tablet=&#8221;10px||0px||false|false&#8221; custom_padding_phone=&#8221;30px||0px||false|false&#8221; custom_css_main_element=&#8221;align-items:center;&#8221; global_colors_info=&#8221;{}&#8221;][et_pb_column type=&#8221;1_4&#8243; _builder_version=&#8221;4.19.2&#8243; _module_preset=&#8221;default&#8221; global_colors_info=&#8221;{}&#8221;][et_pb_text _builder_version=&#8221;4.19.2&#8243; _module_preset=&#8221;default&#8221; text_font=&#8221;|800|||||||&#8221; text_font_size=&#8221;40px&#8221; text_orientation=&#8221;right&#8221; background_layout=&#8221;dark&#8221; custom_padding=&#8221;||||false|false&#8221; text_orientation_tablet=&#8221;right&#8221; text_orientation_phone=&#8221;left&#8221; text_orientation_last_edited=&#8221;on|phone&#8221; border_color_right=&#8221;#FFFFFF&#8221; global_colors_info=&#8221;{}&#8221;]<\/p>\n<p>2021<\/p>\n<p>[\/et_pb_text][\/et_pb_column][et_pb_column type=&#8221;3_4&#8243; _builder_version=&#8221;4.19.2&#8243; _module_preset=&#8221;default&#8221; global_colors_info=&#8221;{}&#8221;][et_pb_text _builder_version=&#8221;4.19.2&#8243; _module_preset=&#8221;default&#8221; text_text_color=&#8221;#FFFFFF&#8221; background_layout=&#8221;dark&#8221; custom_padding=&#8221;|||30px|false|false&#8221; border_color_all=&#8221;#FFFFFF&#8221; border_width_left=&#8221;3px&#8221; global_colors_info=&#8221;{}&#8221;]<\/p>\n<p>Or\u00e7amento do Minist\u00e9rio de Ci\u00eancia e Tecnologia, respons\u00e1vel pela \u00e1rea de inova\u00e7\u00e3o e pesquisas cai cerca de 2\/3. Dos 9 bilh\u00f5es que tinha em 2018 caem para menos de 3 bilh\u00f5es<\/p>\n<p>[\/et_pb_text][\/et_pb_column][\/et_pb_row][et_pb_row column_structure=&#8221;1_4,3_4&#8243; make_equal=&#8221;on&#8221; custom_padding_last_edited=&#8221;on|phone&#8221; admin_label=&#8221;2022&#8243; _builder_version=&#8221;4.19.2&#8243; _module_preset=&#8221;default&#8221; width=&#8221;45%&#8221; width_tablet=&#8221;45%&#8221; width_phone=&#8221;80%&#8221; width_last_edited=&#8221;on|phone&#8221; custom_padding=&#8221;10px||0px||false|false&#8221; custom_padding_tablet=&#8221;10px||0px||false|false&#8221; custom_padding_phone=&#8221;30px||0px||false|false&#8221; custom_css_main_element=&#8221;align-items:center;&#8221; global_colors_info=&#8221;{}&#8221;][et_pb_column type=&#8221;1_4&#8243; _builder_version=&#8221;4.19.2&#8243; _module_preset=&#8221;default&#8221; global_colors_info=&#8221;{}&#8221;][et_pb_text _builder_version=&#8221;4.19.2&#8243; _module_preset=&#8221;default&#8221; text_font=&#8221;|800|||||||&#8221; text_font_size=&#8221;40px&#8221; text_orientation=&#8221;right&#8221; background_layout=&#8221;dark&#8221; custom_padding=&#8221;||||false|false&#8221; text_orientation_tablet=&#8221;right&#8221; text_orientation_phone=&#8221;left&#8221; text_orientation_last_edited=&#8221;on|phone&#8221; border_color_right=&#8221;#FFFFFF&#8221; global_colors_info=&#8221;{}&#8221;]<\/p>\n<p>2022<\/p>\n<p>[\/et_pb_text][\/et_pb_column][et_pb_column type=&#8221;3_4&#8243; _builder_version=&#8221;4.19.2&#8243; _module_preset=&#8221;default&#8221; global_colors_info=&#8221;{}&#8221;][et_pb_text _builder_version=&#8221;4.19.2&#8243; _module_preset=&#8221;default&#8221; text_text_color=&#8221;#FFFFFF&#8221; background_layout=&#8221;dark&#8221; custom_padding=&#8221;|||30px|false|false&#8221; border_color_all=&#8221;#FFFFFF&#8221; border_width_left=&#8221;3px&#8221; global_colors_info=&#8221;{}&#8221;]<\/p>\n<p>Em maio, Bolsonaro anuncia mais cortes na Educac\u00e3o: cerca de 3,2 bilh\u00f5es das verbas discricion\u00e1rias\/ Em junho, o quarto ministro de Educa\u00e7\u00e3o de Bolsonaro, Milton Ribeiro, \u00e9 preso pela PF acusado de corrupc\u00e3o\/ Bolsonaro nomeia o seu quinto ministro de Educa\u00e7\u00e3o, Victor Godoy Veiga\/ Em novembro, Bolsonaro congela o que restava dos or\u00e7amentos das universidades federais: 366 milh\u00f5es de reais. Os caixas das institui\u00e7\u00f5es ficam zerados.<\/p>\n<p>[\/et_pb_text][\/et_pb_column][\/et_pb_row][et_pb_row column_structure=&#8221;1_4,3_4&#8243; make_equal=&#8221;on&#8221; custom_padding_last_edited=&#8221;on|phone&#8221; admin_label=&#8221;2023&#8243; _builder_version=&#8221;4.19.2&#8243; _module_preset=&#8221;default&#8221; width=&#8221;45%&#8221; width_tablet=&#8221;45%&#8221; width_phone=&#8221;80%&#8221; width_last_edited=&#8221;on|phone&#8221; custom_padding=&#8221;10px||0px||false|false&#8221; custom_padding_tablet=&#8221;10px||0px||false|false&#8221; custom_padding_phone=&#8221;30px||0px||false|false&#8221; custom_css_main_element=&#8221;align-items:center;&#8221; global_colors_info=&#8221;{}&#8221;][et_pb_column type=&#8221;1_4&#8243; _builder_version=&#8221;4.19.2&#8243; _module_preset=&#8221;default&#8221; global_colors_info=&#8221;{}&#8221;][et_pb_text _builder_version=&#8221;4.19.2&#8243; _module_preset=&#8221;default&#8221; text_font=&#8221;|800|||||||&#8221; text_text_color=&#8221;gcid-6639218f-ecae-4368-bbce-ba638e9f94a5&#8243; text_font_size=&#8221;40px&#8221; text_orientation=&#8221;right&#8221; background_layout=&#8221;dark&#8221; custom_padding=&#8221;||||false|false&#8221; text_orientation_tablet=&#8221;right&#8221; text_orientation_phone=&#8221;left&#8221; text_orientation_last_edited=&#8221;on|phone&#8221; border_color_right=&#8221;#FFFFFF&#8221; global_colors_info=&#8221;{%22gcid-6639218f-ecae-4368-bbce-ba638e9f94a5%22:%91%22text_text_color%22,%22border_color_right%22%93}&#8221;]<\/p>\n<p>2023<\/p>\n<p>[\/et_pb_text][\/et_pb_column][et_pb_column type=&#8221;3_4&#8243; _builder_version=&#8221;4.19.2&#8243; _module_preset=&#8221;default&#8221; global_colors_info=&#8221;{}&#8221;][et_pb_text _builder_version=&#8221;4.19.2&#8243; _module_preset=&#8221;default&#8221; text_text_color=&#8221;gcid-6639218f-ecae-4368-bbce-ba638e9f94a5&#8243; background_layout=&#8221;dark&#8221; custom_padding=&#8221;|||30px|false|false&#8221; border_width_left=&#8221;3px&#8221; border_color_left=&#8221;gcid-6639218f-ecae-4368-bbce-ba638e9f94a5&#8243; global_colors_info=&#8221;{%22gcid-6639218f-ecae-4368-bbce-ba638e9f94a5%22:%91%22text_text_color%22,%22border_color_left%22%93}&#8221;]<\/p>\n<p>Com o or\u00e7amento ainda menor do que em 2022, a pasta da Ci\u00eancia e Tecnologia \u00e9 uma das mais sacrificadas, com perdas de 30%<\/p>\n<p>[\/et_pb_text][\/et_pb_column][\/et_pb_row][et_pb_row column_structure=&#8221;1_2,1_2&#8243; _builder_version=&#8221;4.19.2&#8243; _module_preset=&#8221;default&#8221; global_colors_info=&#8221;{}&#8221;][et_pb_column type=&#8221;1_2&#8243; _builder_version=&#8221;4.18.0&#8243; _module_preset=&#8221;default&#8221; global_colors_info=&#8221;{}&#8221;][et_pb_text _builder_version=&#8221;4.19.2&#8243; _module_preset=&#8221;default&#8221; header_font=&#8221;Cutive Mono||||||||&#8221; header_font_size=&#8221;36px&#8221; header_line_height=&#8221;1.6em&#8221; background_layout=&#8221;dark&#8221; custom_margin=&#8221;60px||||false|false&#8221; global_colors_info=&#8221;{}&#8221;]<\/p>\n<p>Entre 2019 e 2022, foi uma sequ\u00eancia de an\u00fancios de corte em todos os \u00f3rg\u00e3os do Minist\u00e9rio da Educa\u00e7\u00e3o. Como mostrou o <a href=\"https:\/\/souciencia.unifesp.br\/paineis\/financiamentodacienciaetecnologia\" target=\"_blank\" rel=\"noopener\">Painel do Financiamento do SoU_Ci\u00eancia, ferramenta publicada recentemente pela Unifesp com o objetivo de esclarecer o desmonte de investimentos em Educa\u00e7\u00e3o<\/a>, s\u00f3 o Inep, Instituto Nacional de Estudos e Pesquisas Educacionais, respons\u00e1vel pela execu\u00e7\u00e3o do Enem, perdeu mais de 50% da sua verba nos \u00faltimos anos \u2013 \u00e9 isso que acontece quando se deixa o Inep na m\u00e3o de um monte de Ineptos.<\/p>\n<p>[\/et_pb_text][\/et_pb_column][et_pb_column type=&#8221;1_2&#8243; disabled_on=&#8221;on|on|off&#8221; _builder_version=&#8221;4.19.2&#8243; _module_preset=&#8221;default&#8221; global_colors_info=&#8221;{}&#8221;][\/et_pb_column][\/et_pb_row][et_pb_row column_structure=&#8221;1_2,1_2&#8243; _builder_version=&#8221;4.19.2&#8243; _module_preset=&#8221;default&#8221; custom_padding=&#8221;0px||||false|false&#8221; global_colors_info=&#8221;{}&#8221;][et_pb_column type=&#8221;1_2&#8243; _builder_version=&#8221;4.18.0&#8243; _module_preset=&#8221;default&#8221; global_colors_info=&#8221;{}&#8221;][et_pb_text _builder_version=&#8221;4.19.2&#8243; _module_preset=&#8221;default&#8221; header_font=&#8221;Cutive Mono||||||||&#8221; header_font_size=&#8221;36px&#8221; header_line_height=&#8221;1.6em&#8221; background_layout=&#8221;dark&#8221; custom_margin=&#8221;||||false|false&#8221; custom_padding=&#8221;0px||||false|false&#8221; global_colors_info=&#8221;{}&#8221;]Em maio deste ano, quando o MEC anunciou mais um corte dram\u00e1tico nos seus recursos, ceifando mais 3,2 bilh\u00f5es na verba discricion\u00e1ria* das universidades e institutos federais, as universidades amea\u00e7aram fechar e estudantes voltaram \u00e0s ruas.[\/et_pb_text][\/et_pb_column][et_pb_column type=&#8221;1_2&#8243; _builder_version=&#8221;4.18.0&#8243; _module_preset=&#8221;default&#8221; global_colors_info=&#8221;{}&#8221;][et_pb_text _builder_version=&#8221;4.19.2&#8243; _module_preset=&#8221;default&#8221; text_font=&#8221;|300|||||||&#8221; text_font_size=&#8221;16px&#8221; text_line_height=&#8221;1.4em&#8221; header_font=&#8221;Cutive Mono||||||||&#8221; header_font_size=&#8221;36px&#8221; header_line_height=&#8221;1.6em&#8221; background_layout=&#8221;dark&#8221; custom_padding=&#8221;|||30px|false|false&#8221; border_width_left=&#8221;3px&#8221; border_color_left=&#8221;#FFFFFF&#8221; global_colors_info=&#8221;{}&#8221;]<\/p>\n<p>* Verbas discricion\u00e1rias s\u00e3o aquelas que incluem despesas com o funcionamento da institui\u00e7\u00e3o, as contas de \u00e1gua, luz e g\u00e1s, eventuais obras, contrata\u00e7\u00e3o de servi\u00e7os terceirizados de limpeza e seguran\u00e7a, manuten\u00e7\u00e3o e assist\u00eancia estudantil<\/p>\n<p>[\/et_pb_text][\/et_pb_column][\/et_pb_row][et_pb_row _builder_version=&#8221;4.19.2&#8243; _module_preset=&#8221;default&#8221; global_colors_info=&#8221;{}&#8221;][et_pb_column type=&#8221;4_4&#8243; _builder_version=&#8221;4.19.2&#8243; _module_preset=&#8221;default&#8221; global_colors_info=&#8221;{}&#8221;][et_pb_image src=&#8221;https:\/\/marcozero.org\/soudehumanas\/wp-content\/uploads\/2022\/12\/48020339132_2f4a8eec68_b.jpg&#8221; title_text=&#8221;48020339132_2f4a8eec68_b&#8221; show_bottom_space=&#8221;off&#8221; align=&#8221;center&#8221; force_fullwidth=&#8221;on&#8221; _builder_version=&#8221;4.19.2&#8243; _module_preset=&#8221;default&#8221; global_colors_info=&#8221;{}&#8221;][\/et_pb_image][et_pb_text _builder_version=&#8221;4.19.2&#8243; _module_preset=&#8221;default&#8221; text_font=&#8221;|300|||||||&#8221; text_font_size=&#8221;16px&#8221; text_line_height=&#8221;1.4em&#8221; text_orientation=&#8221;right&#8221; background_layout=&#8221;dark&#8221; custom_margin=&#8221;|||30px|false|false&#8221; scroll_rotating=&#8221;0|50|50|100|0\u00b0|-3\u00b0|-3\u00b0&#8221; locked=&#8221;off&#8221; global_colors_info=&#8221;{}&#8221;]<\/p>\n<p><span>Foto: Marco Zero Conte\u00fado<\/span><\/p>\n<p>[\/et_pb_text][\/et_pb_column][\/et_pb_row][et_pb_row column_structure=&#8221;1_2,1_2&#8243; _builder_version=&#8221;4.18.0&#8243; _module_preset=&#8221;default&#8221; global_colors_info=&#8221;{}&#8221;][et_pb_column type=&#8221;1_2&#8243; _builder_version=&#8221;4.18.0&#8243; _module_preset=&#8221;default&#8221; global_colors_info=&#8221;{}&#8221;][et_pb_text _builder_version=&#8221;4.19.2&#8243; _module_preset=&#8221;default&#8221; header_font=&#8221;Cutive Mono||||||||&#8221; header_font_size=&#8221;36px&#8221; header_line_height=&#8221;1.6em&#8221; background_layout=&#8221;dark&#8221; global_colors_info=&#8221;{}&#8221;]<\/p>\n<p>Depois de sofrer muita press\u00e3o, o governo voltou atr\u00e1s e alegou que o corte seria de &#8220;apenas&#8221; 1,6 bilh\u00e3o. A justificativa para mais um corte? O reajuste dos sal\u00e1rios de todo o funcionalismo p\u00fablico federal \u2013 justamente em ano de elei\u00e7\u00f5es presidenciais. E agora, em novembro, o \u00faltimo corte, que zerou todo o caixa das universidades, como citamos acima. \u00c9 facada atr\u00e1s de facada, ministro atr\u00e1s de ministro, trag\u00e9dia atr\u00e1s de trag\u00e9dia.<\/p>\n<p>[\/et_pb_text][et_pb_text _builder_version=&#8221;4.19.2&#8243; _module_preset=&#8221;default&#8221; global_colors_info=&#8221;{%22gcid-6639218f-ecae-4368-bbce-ba638e9f94a5%22:%91%22background_color%22%93}&#8221; background_color=&#8221;gcid-6639218f-ecae-4368-bbce-ba638e9f94a5&#8243; background_enable_pattern_style=&#8221;on&#8221; background_pattern_style=&#8221;crosses&#8221; background_pattern_color=&#8221;rgba(0,0,0,0.03)&#8221; custom_padding=&#8221;40px|30px|40px|30px|true|true&#8221; box_shadow_style=&#8221;preset4&#8243; hover_enabled=&#8221;0&#8243; sticky_enabled=&#8221;0&#8243; scroll_rotating_enable=&#8221;on&#8221; scroll_rotating=&#8221;0|50|50|100|0\u00b0|3\u00b0|3\u00b0&#8221;]<\/p>\n<h2>Em Pernambuco<\/h2>\n<p>Nesta ter\u00e7a-feira (6), a Marco Zero apurou que as federais do Estado est\u00e3o sem verbas para pagar bolsas e aux\u00edlios para estudantes. Em nota, a Universidade Federal do Agreste de Pernambuco (UFAPE) afirmou que os pagamentos deveriam ser feitos no in\u00edcio de dezembro, mas est\u00e3o sem data por conta do corte do governo federal.<\/p>\n<p>A UFRPE e a UFPE tamb\u00e9m n\u00e3o v\u00e3o fazer os pagamentos aos estudantes devido, exclusivamente, ao bloqueio. Essa \u00e9 a primeira vez que o governo impede a execu\u00e7\u00e3o de recursos do Custeio e do Programa Nacional de Assist\u00eancia Estudantil (PNAES). O bloqueio atinge tamb\u00e9m outras bolsas, como as de tutoria, monitoria e de inicia\u00e7\u00e3o acad\u00eamica. Os pagamentos seguem sem previs\u00e3o at\u00e9 que haja o desbloqueio das verbas pelo governo federal.<\/p>\n<p>Em nota, a UFRPE tamb\u00e9m informou que sofreu cortes da ordem de 50% nos \u00faltimos 4 anos. E que o MEC informou que n\u00e3o enviar\u00e1 financeiro no m\u00eas de dezembro. Na UFPE, cerca de 4 mil alunos ser\u00e3o afetados. A Associa\u00e7\u00e3o Nacional dos Dirigentes das Institui\u00e7\u00f5es Federais de Ensino Superior (Andifes) afirmou que est\u00e1 atuando para que o governo federal desbloqueie os recursos financeiros das universidades.<\/p>\n<p>[\/et_pb_text][et_pb_text _builder_version=&#8221;4.19.2&#8243; _module_preset=&#8221;default&#8221; header_font=&#8221;Cutive Mono||||||||&#8221; header_font_size=&#8221;36px&#8221; header_line_height=&#8221;1.6em&#8221; background_layout=&#8221;dark&#8221; global_colors_info=&#8221;{}&#8221;]<\/p>\n<p>As previs\u00f5es para 2023 s\u00e3o ainda mais tr\u00e1gicas: o or\u00e7amento ser\u00e1 ainda menor. <a href=\"https:\/\/congressoemfoco.uol.com.br\/area\/pais\/em-plena-pandemia-recursos-para-ciencia-e-tecnologia-foram-os-menores-desde-2014\/\" target=\"_blank\" rel=\"noopener\">De acordo com o c\u00e1lculo feito pelo Congresso em Foco<\/a>, do or\u00e7amento total previsto para o Minist\u00e9rio da Ci\u00eancia, Tecnologia e Inova\u00e7\u00e3o (MCTI), no valor de 12,5 bilh\u00f5es de reais, ser\u00e3o descontados cerca de 5,3 bilh\u00f5es \u2013 referentes \u00e0 reserva de conting\u00eancia, al\u00e9m de despesas obrigat\u00f3rias, juros, encargos e amortiza\u00e7\u00e3o de d\u00edvidas. <a href=\"https:\/\/congressoemfoco.uol.com.br\/area\/pais\/em-plena-pandemia-recursos-para-ciencia-e-tecnologia-foram-os-menores-desde-2014\/\" target=\"_blank\" rel=\"noopener\">Na pr\u00e1tica, o valor dispon\u00edvel para a pasta \u00e9 de 7,2 bilh\u00f5es, cerca de 30% a menos que o de 2022, que foi de 10,2 bilh\u00f5es de reais<\/a>. &#8220;\u00c9 menos da metade do que est\u00e1 reservado para o chamado or\u00e7amento secreto, que soma R$ 19 bilh\u00f5es&#8221;, comparou o levantamento.<\/p>\n<p>[\/et_pb_text][\/et_pb_column][et_pb_column type=&#8221;1_2&#8243; _builder_version=&#8221;4.18.0&#8243; _module_preset=&#8221;default&#8221; global_colors_info=&#8221;{}&#8221;][\/et_pb_column][\/et_pb_row][\/et_pb_section][et_pb_section fb_built=&#8221;1&#8243; _builder_version=&#8221;4.19.0&#8243; _module_preset=&#8221;default&#8221; background_color=&#8221;gcid-718e85d7-d42b-4270-8864-bd637a41e04f&#8221; background_enable_image=&#8221;off&#8221; parallax=&#8221;on&#8221; background_blend=&#8221;overlay&#8221; global_colors_info=&#8221;{%22gcid-0a5e40a0-b4ca-42c7-9ac7-999fb7719821%22:%91%22background_pattern_color%22%93,%22gcid-718e85d7-d42b-4270-8864-bd637a41e04f%22:%91%22background_color%22%93}&#8221;][et_pb_row column_structure=&#8221;3_5,2_5&#8243; _builder_version=&#8221;4.18.0&#8243; _module_preset=&#8221;default&#8221; global_colors_info=&#8221;{}&#8221;][et_pb_column type=&#8221;3_5&#8243; _builder_version=&#8221;4.18.0&#8243; _module_preset=&#8221;default&#8221; global_colors_info=&#8221;{}&#8221;][et_pb_text _builder_version=&#8221;4.19.2&#8243; _module_preset=&#8221;default&#8221; header_font=&#8221;Cutive Mono||||||||&#8221; header_font_size=&#8221;36px&#8221; header_line_height=&#8221;1.2em&#8221; background_layout=&#8221;dark&#8221; global_colors_info=&#8221;{}&#8221;]<\/p>\n<h1>&#8220;O bolsista<br \/>\n\u00e9 o aluno pobre&#8221;<\/h1>\n<p>As consequ\u00eancias s\u00e3o uma trag\u00e9dia. As matr\u00edculas diminu\u00edram, os professores que se aposentaram n\u00e3o puderam ser substitu\u00eddos, a compra de equipamentos foi interrompida, a manuten\u00e7\u00e3o dos espa\u00e7os de estudo foi impedida, incluindo o pagamento de \u00e1gua, luz, limpeza e seguran\u00e7a; projetos de pesquisa foram interrompidos e bolsas de inicia\u00e7\u00e3o cient\u00edfica e p\u00f3s-gradua\u00e7\u00e3o \u2013 que j\u00e1 est\u00e3o sem aumento h\u00e1 quase 10 anos \u2013 foram cortadas. A situa\u00e7\u00e3o das bolsas no Brasil est\u00e1 mais feia que a das bolsas encardidas das cole\u00e7\u00f5es da Balenciaga. <\/p>\n<p>Diretora do Centro de Artes, Humanidades e Letras da Universidade Federal do Rec\u00f4ncavo Baiano, a soci\u00f3loga Dyane Brito detalha como a pior consequ\u00eancia dos cortes \u00e9 para os bolsistas. A UFRB tem 85% dos seus 11 mil alunos de gradua\u00e7\u00e3o em situa\u00e7\u00e3o de vulnerabilidade social, e est\u00e3o aptos a receber bolsas \u2013 depois da s\u00e9rie de cortes do governo federal, apenas 2 mil deles mantiveram o benef\u00edcio de R$ 400 mensais.<\/p>\n<p>&#8220;A gente n\u00e3o tem condi\u00e7\u00e3o de dar mais bolsas,  e isso afeta diretamente o pr\u00f3prio mercado de trabalho: s\u00e3o menos estudantes inseridos na inicia\u00e7\u00e3o cient\u00edfica, menos pesquisadores l\u00e1 na frente&#8221;, detalha Dyane, que teve de reduzir os quatro bolsistas do seu projeto de pesquisa para apenas um. &#8220;O bolsista \u00e9 o aluno pobre. A gente n\u00e3o pode se enganar e achar que a bolsa \u00e9 paga para o aluno s\u00f3 estudar. A bolsa \u00e9 o que ele come, o dinheiro que ele ajuda a fam\u00edlia. Cortar bolsa \u00e9 cortar aluno da sala de aula. O estudante diz &#8216;vou ter que trabalhar fora, vou ter que pegar menos disciplinas, vou trancar o curso&#8217;. As universidades est\u00e3o tendo de sobreviver \u00e0 custa de emendas parlamentares para conseguir pintar parede, pagar conta de \u00e1gua, tem sido imposs\u00edvel manter uma universidade funcionando com tantos cortes&#8221;.[\/et_pb_text][\/et_pb_column][et_pb_column type=&#8221;2_5&#8243; _builder_version=&#8221;4.18.0&#8243; _module_preset=&#8221;default&#8221; global_colors_info=&#8221;{}&#8221;][et_pb_image src=&#8221;https:\/\/marcozero.org\/soudehumanas\/wp-content\/uploads\/2022\/10\/chamada-balburdia.jpg&#8221; alt=&#8221;Foto a\u00e9rea da UFRB. Foto: Divulga\u00e7\u00e3o\/UFRB&#8221; title_text=&#8221;chamada-balburdia&#8221; force_fullwidth=&#8221;on&#8221; _builder_version=&#8221;4.19.2&#8243; _module_preset=&#8221;default&#8221; custom_margin=&#8221;100px||||false|false&#8221; custom_margin_tablet=&#8221;100px||||false|false&#8221; custom_margin_phone=&#8221;0px||||false|false&#8221; custom_margin_last_edited=&#8221;on|phone&#8221; animation_direction=&#8221;bottom&#8221; scroll_rotating_enable=&#8221;on&#8221; scroll_rotating=&#8221;0|50|50|100|0\u00b0|-3\u00b0|-3\u00b0&#8221; border_width_all=&#8221;10px&#8221; border_color_all=&#8221;#FFFFFF&#8221; box_shadow_style=&#8221;preset4&#8243; box_shadow_horizontal=&#8221;5px&#8221; locked=&#8221;off&#8221; global_colors_info=&#8221;{}&#8221;][\/et_pb_image][et_pb_text _builder_version=&#8221;4.19.2&#8243; _module_preset=&#8221;default&#8221; text_font=&#8221;|300|||||||&#8221; text_font_size=&#8221;16px&#8221; text_line_height=&#8221;1.4em&#8221; background_layout=&#8221;dark&#8221; custom_margin=&#8221;|||30px|false|false&#8221; scroll_rotating_enable=&#8221;on&#8221; scroll_rotating=&#8221;0|50|50|100|0\u00b0|-3\u00b0|-3\u00b0&#8221; locked=&#8221;off&#8221; global_colors_info=&#8221;{}&#8221;]<\/p>\n<p>Foto: Observat\u00f3rio do Conhecimento \/ Divulga\u00e7\u00e3o<\/p>\n<p>[\/et_pb_text][\/et_pb_column][\/et_pb_row][et_pb_row column_structure=&#8221;3_5,2_5&#8243; make_equal=&#8221;on&#8221; _builder_version=&#8221;4.19.2&#8243; _module_preset=&#8221;default&#8221; custom_padding=&#8221;0px||0px|||&#8221; global_colors_info=&#8221;{}&#8221;][et_pb_column type=&#8221;3_5&#8243; _builder_version=&#8221;4.18.0&#8243; _module_preset=&#8221;default&#8221; global_colors_info=&#8221;{}&#8221;][et_pb_text _builder_version=&#8221;4.19.2&#8243; _module_preset=&#8221;default&#8221; header_font=&#8221;Cutive Mono||||||||&#8221; header_font_size=&#8221;36px&#8221; header_line_height=&#8221;1.2em&#8221; background_layout=&#8221;dark&#8221; global_colors_info=&#8221;{}&#8221;]<\/p>\n<p>Outra institui\u00e7\u00e3o que perde alunos junto com a perda de bolsas \u00e9 a Universidade Federal do Oeste da Bahia (Ufob), que n\u00e3o tem campus definitivo desde sua cria\u00e7\u00e3o, em 2013: com pelo menos 80% dos cerca de 5 mil matriculados dependendo do aux\u00edlio para sobreviver, o reitor se viu obrigado a reduzir o valor de R$ 400 para R$ 250 para n\u00e3o cortar os benefici\u00e1rios \u2013 metade dos alunos t\u00eam renda familiar abaixo de 1,5 sal\u00e1rio m\u00ednimo e 30% abaixo de meio sal\u00e1rio m\u00ednimo. Com isso, o sonho de construir o pr\u00f3prio campus vai ficando cada vez mais distante, enquanto os contratos com a equipe de vigil\u00e2ncia s\u00e3o interrompidos.<\/p>\n<p>[\/et_pb_text][et_pb_text _builder_version=&#8221;4.19.2&#8243; _module_preset=&#8221;default&#8221; header_font=&#8221;Cutive Mono||||||||&#8221; header_font_size=&#8221;36px&#8221; header_line_height=&#8221;1.2em&#8221; background_layout=&#8221;dark&#8221; global_colors_info=&#8221;{}&#8221;]Os reitores \u00e9 que devem decidir, a cada m\u00eas, as contas que ser\u00e3o pagas e as que ser\u00e3o acumuladas. Depois do corte de maio de 2022 \u2013 e que reduziu seu or\u00e7amento em 7,2% \u2013 o reitor da Universidade Federal do ABC, D\u00e1cio Matheus resume: &#8220;N\u00e3o adianta termos professores e alunos dentro da universidade e n\u00e3o termos a luz, a \u00e1gua, a vigil\u00e2ncia, a limpeza. Por outro lado, n\u00e3o adianta eu pagar todas essas despesas se eu n\u00e3o tiver os estudantes com suas bolsas e as devidas condi\u00e7\u00f5es de perman\u00eancia na universidade&#8221;.[\/et_pb_text][et_pb_text _builder_version=&#8221;4.19.2&#8243; _module_preset=&#8221;default&#8221; header_font=&#8221;Cutive Mono||||||||&#8221; header_font_size=&#8221;36px&#8221; header_line_height=&#8221;1.2em&#8221; background_layout=&#8221;dark&#8221; custom_padding=&#8221;||0px||false|false&#8221; global_colors_info=&#8221;{}&#8221;]<\/p>\n<p>Segundo <a href=\"https:\/\/oglobo.globo.com\/brasil\/educacao\/noticia\/2022\/08\/cortes-deixam-17-universidades-federais-sob-risco-de-parar-em-2022.ghtml\" target=\"_blank\" rel=\"noopener\">levantamento do jornal O Globo<\/a>, a Universidade Federal de Lavras demitiu 148 dos seus 600 funcion\u00e1rios que atuavam na limpeza, manuten\u00e7\u00e3o e seguran\u00e7a, cerca de 25% do quadro. &#8220;A Universidade Federal de Sergipe proibiu o uso de ar-condicionado em todo o campus. A Universidade de Bras\u00edlia cortou at\u00e9 em livros. A Universidade Federal Rural do Rio de Janeiro estuda diminuir o uso de recursos do portal de internet. (&#8230;) A Universidade Federal de Alagoas (Ufal) ainda sofre com estragos de uma tempestade que atingiu Macei\u00f3 em maio. Mas n\u00e3o h\u00e1 dinheiro para o conserto de telhados, infiltra\u00e7\u00f5es, paredes mofadas e salas interditadas&#8221;, detalha a reportagem.<\/p>\n<p>&nbsp;<\/p>\n<p>[\/et_pb_text][\/et_pb_column][et_pb_column type=&#8221;2_5&#8243; _builder_version=&#8221;4.19.2&#8243; _module_preset=&#8221;default&#8221; global_colors_info=&#8221;{}&#8221;][et_pb_image src=&#8221;https:\/\/marcozero.org\/soudehumanas\/wp-content\/uploads\/2022\/11\/tpvacinas-ufrb-cesarvelame-20-1-.webp&#8221; alt=&#8221;Foto a\u00e9rea da UFRB. Foto: Divulga\u00e7\u00e3o\/UFRB&#8221; title_text=&#8221;Foto: Divulga\u00e7\u00e3o\/UFRB&#8221; force_fullwidth=&#8221;on&#8221; _builder_version=&#8221;4.19.2&#8243; _module_preset=&#8221;default&#8221; animation_direction=&#8221;bottom&#8221; scroll_rotating_enable=&#8221;on&#8221; scroll_rotating=&#8221;0|50|50|100|0\u00b0|3\u00b0|3\u00b0&#8221; border_width_all=&#8221;10px&#8221; border_color_all=&#8221;#FFFFFF&#8221; box_shadow_style=&#8221;preset4&#8243; box_shadow_horizontal=&#8221;5px&#8221; locked=&#8221;off&#8221; global_colors_info=&#8221;{}&#8221;][\/et_pb_image][et_pb_text _builder_version=&#8221;4.19.2&#8243; _module_preset=&#8221;default&#8221; text_font=&#8221;|300|||||||&#8221; text_font_size=&#8221;16px&#8221; text_line_height=&#8221;1.4em&#8221; background_layout=&#8221;dark&#8221; custom_margin=&#8221;|||30px|false|false&#8221; scroll_rotating_enable=&#8221;on&#8221; scroll_rotating=&#8221;0|50|50|100|0\u00b0|3\u00b0|3\u00b0&#8221; locked=&#8221;off&#8221; global_colors_info=&#8221;{}&#8221;]<\/p>\n<p>UFRB. Foto: UFRB \/ Divulga\u00e7\u00e3o<\/p>\n<p>[\/et_pb_text][\/et_pb_column][\/et_pb_row][et_pb_row column_structure=&#8221;3_5,2_5&#8243; make_equal=&#8221;on&#8221; _builder_version=&#8221;4.19.2&#8243; _module_preset=&#8221;default&#8221; custom_padding=&#8221;0px|||||&#8221; global_colors_info=&#8221;{}&#8221;][et_pb_column type=&#8221;3_5&#8243; _builder_version=&#8221;4.18.0&#8243; _module_preset=&#8221;default&#8221; global_colors_info=&#8221;{}&#8221;][et_pb_text _builder_version=&#8221;4.19.0&#8243; _module_preset=&#8221;default&#8221; header_font=&#8221;Cutive Mono||||||||&#8221; header_font_size=&#8221;36px&#8221; header_line_height=&#8221;1.2em&#8221; background_layout=&#8221;dark&#8221; global_colors_info=&#8221;{}&#8221;]<\/p>\n<p>S\u00f3 a UFRJ, <a href=\"http:\/\/www.parque.ufrj.br\/ufrj-e-universidade-mais-inovadora-do-pais-segundo-ranking-da-folha-de-s-paulo\/\" target=\"_blank\" rel=\"noopener\">considerada a universidade mais inovadora do Brasil<\/a>, com 45 bibliotecas, 15 museus, 1200 laborat\u00f3rios e <a href=\"https:\/\/oglobo.globo.com\/sociedade\/educacao\/ufrj-anuncia-que-sofreu-corte-de-41-no-orcamento-para-manutencao-da-universidade-23640227\" target=\"_blank\" rel=\"noopener\">1 parque tecnol\u00f3gico, teve corte de investimentos total, ao longo do governo Bolsonaro, de 41%<\/a>. Isso significa que est\u00e3o em risco <a href=\"http:\/\/www.parque.ufrj.br\/cases\/\" target=\"_blank\" rel=\"noopener\">projetos em andamento, como os de desenvolvimento de c\u00e9lulas tronco, de drenagem urbana de enchentes, de internet de alt\u00edssima velocidade, de realidade aumentada, de enxertos \u00f3sseos, de comunica\u00e7\u00e3o de submarinos<\/a>.<span style=\"font-size: 18px;\"><\/span><\/p>\n<p><span style=\"font-size: 18px;\">&#8220;Os cortes colocam em risco o futuro das pr\u00f3ximas gera\u00e7\u00f5es. Essas a\u00e7\u00f5es v\u00e3o ter impacto para nossos filhos e netos&#8221;, disse a reitora da UFRJ, Denise Guedes, quando a Faculdade de Arquitetura e Urbanismo (Fau) e Escola de Belas Artes (EBA) da institui\u00e7\u00e3o suspendeu as aulas, em 14 de setembro, por n\u00e3o conseguir pagar os contratos de limpeza e manuten\u00e7\u00e3o de elevadores.<\/span><\/p>\n<p>[\/et_pb_text][\/et_pb_column][et_pb_column type=&#8221;2_5&#8243; _builder_version=&#8221;4.19.2&#8243; _module_preset=&#8221;default&#8221; global_colors_info=&#8221;{}&#8221;][et_pb_image src=&#8221;https:\/\/marcozero.org\/soudehumanas\/wp-content\/uploads\/2022\/11\/IMG_20180912_173450_324.jpg&#8221; alt=&#8221;Escola de Belas Artes da UFRJ&#8221; title_text=&#8221;IMG_20180912_173450_324&#8243; force_fullwidth=&#8221;on&#8221; _builder_version=&#8221;4.19.2&#8243; _module_preset=&#8221;default&#8221; custom_margin=&#8221;||||false|false&#8221; animation_direction=&#8221;bottom&#8221; scroll_rotating_enable=&#8221;on&#8221; scroll_rotating=&#8221;0|50|50|100|0\u00b0|-3\u00b0|-3\u00b0&#8221; border_width_all=&#8221;10px&#8221; border_color_all=&#8221;#FFFFFF&#8221; box_shadow_style=&#8221;preset4&#8243; box_shadow_horizontal=&#8221;5px&#8221; locked=&#8221;off&#8221; global_colors_info=&#8221;{}&#8221;][\/et_pb_image][et_pb_text _builder_version=&#8221;4.19.2&#8243; _module_preset=&#8221;default&#8221; text_font=&#8221;|300|||||||&#8221; text_font_size=&#8221;16px&#8221; text_line_height=&#8221;1.4em&#8221; background_layout=&#8221;dark&#8221; custom_margin=&#8221;|||30px|false|false&#8221; scroll_rotating_enable=&#8221;on&#8221; scroll_rotating=&#8221;0|50|50|100|0\u00b0|-3\u00b0|-3\u00b0&#8221; locked=&#8221;off&#8221; global_colors_info=&#8221;{}&#8221;]<\/p>\n<p>Escola de Belas Artes da UFRJ. Foto: EBA \/ Divulga\u00e7\u00e3o<\/p>\n<p>[\/et_pb_text][\/et_pb_column][\/et_pb_row][\/et_pb_section][et_pb_section fb_built=&#8221;1&#8243; _builder_version=&#8221;4.19.2&#8243; _module_preset=&#8221;default&#8221; background_color=&#8221;gcid-0a5e40a0-b4ca-42c7-9ac7-999fb7719821&#8243; background_image=&#8221;https:\/\/marcozero.org\/soudehumanas\/wp-content\/uploads\/2022\/12\/revolver3.jpg&#8221; background_size=&#8221;initial&#8221; background_position=&#8221;top_right&#8221; background_blend=&#8221;multiply&#8221; background_enable_pattern_style=&#8221;on&#8221; background_pattern_style=&#8221;diagonal-stripes-2&#8243; background_pattern_color=&#8221;rgba(0,0,0,0.05)&#8221; background_pattern_size=&#8221;custom&#8221; background_pattern_width=&#8221;5px&#8221; background_pattern_height=&#8221;0px&#8221; background_last_edited=&#8221;on|desktop&#8221; background_blend_phone=&#8221;soft-light&#8221; global_colors_info=&#8221;{%22gcid-0a5e40a0-b4ca-42c7-9ac7-999fb7719821%22:%91%22background_color%22%93}&#8221;][et_pb_row column_structure=&#8221;3_5,2_5&#8243; _builder_version=&#8221;4.19.2&#8243; _module_preset=&#8221;default&#8221; global_colors_info=&#8221;{}&#8221;][et_pb_column type=&#8221;3_5&#8243; _builder_version=&#8221;4.19.0&#8243; _module_preset=&#8221;default&#8221; global_colors_info=&#8221;{}&#8221;][et_pb_text module_class=&#8221;LinkRosa&#8221; _builder_version=&#8221;4.19.2&#8243; _module_preset=&#8221;default&#8221; text_text_color=&#8221;#000000&#8243; header_font=&#8221;Cutive Mono||||||||&#8221; header_font_size=&#8221;36px&#8221; header_line_height=&#8221;1.2em&#8221; locked=&#8221;off&#8221; global_colors_info=&#8221;{}&#8221;]<\/p>\n<h1>As consequ\u00eancias<br \/>para as Humanas<\/h1>\n<p>Em meio a tanto desprezo pelo Ensino Superior, a tens\u00e3o sobre a \u00e1rea de Humanas foi ainda maior. Depois de desmoralizar os cursos em falas p\u00fablicas, <a href=\"https:\/\/oglobo.globo.com\/brasil\/financiamento-publico-vai-priorizar-pesquisas-de-valor-intelectual-agregado-diz-campanha-de-bolsonaro-23058853\" target=\"_blank\" rel=\"noopener\">o que sua equipe j\u00e1 anunciava que faria ainda em 2018, em campanha<\/a>, o governo federal come\u00e7ou a desmont\u00e1-la de diversas formas para al\u00e9m dos cortes. Em mar\u00e7o de 2020, <a href=\"https:\/\/www.in.gov.br\/en\/web\/dou\/-\/portaria-n-1.122-de-19-de-marco-de-2020-249437397\" target=\"_blank\" rel=\"noopener\">uma portaria do Minist\u00e9rio da Ci\u00eancia, Tecnologia e Inova\u00e7\u00e3o definiu as prioridades para subsidiar projetos de pesquisa daquele ano at\u00e9 2023<\/a>. O minist\u00e9rio determinava que as ag\u00eancias de fomento estabelecessem como priorit\u00e1rios projetos de tecnologia espacial, nuclear, cibern\u00e9tica, de seguran\u00e7a p\u00fablica e de fronteira, intelig\u00eancia artificial, internet, biotecnologia, nanotecnologia, ind\u00fastria, agroneg\u00f3cio, comunica\u00e7\u00f5es, infraestrutura, servi\u00e7os e tecnologias para o desenvolvimento sustent\u00e1vel. O objetivo era aumentar a &#8220;competitividade&#8221; e a &#8220;produtividade&#8221; nos setores &#8220;voltados diretamente \u00e0 produ\u00e7\u00e3o de riquezas para o pa\u00eds&#8221;. Nenhuma palavra sobre os cursos dos quais trata esta reportagem. Afinal, para o governo federal, Filosofia, Antropologia, Letras, Artes e Sociologia n\u00e3o produzem qualquer riqueza.<\/p>\n<blockquote>\n<p>&#8220;N\u00e3o \u00e9 uma quest\u00e3o de competi\u00e7\u00e3o ou de vitimiza\u00e7\u00e3o, &#8216;ah, quem \u00e9 mais prejudicado?&#8217;. Todos s\u00e3o afetados. Mas sem d\u00favidas as Humanas e as Ci\u00eancias Sociais foram as mais prejudicadas nos \u00faltimos anos, porque as outras \u00e1reas ainda podem conseguir alguns financiamentos externos, privados ou internacionais. As Humanas n\u00e3o&#8221;, atesta L\u00edgia Bahia.<\/p>\n<\/blockquote>\n<p>&#8220;\u00c0 medida em que voc\u00ea n\u00e3o ecoa determinadas diretrizes que o governo federal prop\u00f5e, o in\u00edcio da persegui\u00e7\u00e3o \u00e9 autom\u00e1tico. N\u00e3o \u00e9 uma persegui\u00e7\u00e3o aberta, mas come\u00e7am as redu\u00e7\u00f5es, os cortes, os contingenciamentos. A gente percebeu muito esse modo de atuar no primeiro ano de governo: o contingenciamento era o que ele fazia para dar uma resposta a quem criticava seu governo. Sem contar os gastos que s\u00e3o desviados da Educa\u00e7\u00e3o, haja vista o que fez o \u00faltimo ministro de Educa\u00e7\u00e3o&#8221;, lembrou o diretor da Faculdade de Filosofia, Letras e Ci\u00eancias Humanas da USP, Paulo Martins, <a href=\"https:\/\/www.youtube.com\/watch?time_continue=886&amp;v=Ab19HtiJRYM&amp;feature=emb_logo\" target=\"_blank\" rel=\"noopener\">em debate organizado pelo Le Monde Diplomatique Brasil<\/a>.<\/p>\n<p>E quem tende a criticar mais os governos s\u00e3o, naturalmente, as disciplinas do pensamento e das ci\u00eancias pol\u00edticas. &#8220;Quando a gente fala no ataque \u00e0s universidades, \u00e9 preciso lembrar que o primeiro front que ele assumiu foi atacar as humanidades. \u00c9 um ataque ideol\u00f3gico. Imaginar que um curso de Filosofia n\u00e3o vai estudar Marx? \u00c9 rid\u00edculo. Isso seria ceifar parte do conhecimento. \u00c9 claro que existem professores mais \u00e0 esquerda e outros mais \u00e0 direita. A composi\u00e7\u00e3o dessa diversidade n\u00e3o pode ser perseguida. O governo n\u00e3o se conforma que as pessoas sejam diversas, que tenham diversas maneiras de pensar. \u00c9 esse conflito de ideias que faz com que a sociedade se desenvolva&#8221;, complementou Paulo.<\/p>\n<p>[\/et_pb_text][\/et_pb_column][et_pb_column type=&#8221;2_5&#8243; disabled_on=&#8221;on|on|off&#8221; _builder_version=&#8221;4.19.2&#8243; _module_preset=&#8221;default&#8221; global_colors_info=&#8221;{}&#8221;][\/et_pb_column][\/et_pb_row][et_pb_row column_structure=&#8221;2_5,3_5&#8243; _builder_version=&#8221;4.19.0&#8243; _module_preset=&#8221;default&#8221; custom_padding=&#8221;0px|||||&#8221; global_colors_info=&#8221;{}&#8221;][et_pb_column type=&#8221;2_5&#8243; _builder_version=&#8221;4.19.0&#8243; _module_preset=&#8221;default&#8221; global_colors_info=&#8221;{}&#8221;][et_pb_text module_class=&#8221;LinkRosa&#8221; _builder_version=&#8221;4.19.0&#8243; _module_preset=&#8221;default&#8221; text_text_color=&#8221;#000000&#8243; header_font=&#8221;Cutive Mono||||||||&#8221; header_font_size=&#8221;36px&#8221; header_line_height=&#8221;1.2em&#8221; locked=&#8221;off&#8221; global_colors_info=&#8221;{}&#8221;]<\/p>\n<p>Em abril, maio e junho deste ano, estudantes da Universidade Federal da Grande Dourados ocuparam a reitoria em protesto contra o fechamento dos cursos da Faculdade Intercultural Ind\u00edgena, amea\u00e7ados por falta de or\u00e7amento. S\u00e3o cursos que formam professores ind\u00edgenas e operam em regime de pedagogia de altern\u00e2ncia: os alunos ficam quinze dias presencialmente na universidade tendo aulas te\u00f3ricas e quinze dias em campo, em suas comunidades de origem, exercendo o que aprenderam na pr\u00e1tica. Durante o per\u00edodo que est\u00e3o na UFGD, precisam de alojamento, transporte e alimenta\u00e7\u00e3o. O fim dos cursos pode desamparar comunidades inteiras, especialmente crian\u00e7as e adolescentes, que dependem dos educadores com forma\u00e7\u00e3o espec\u00edfica.<\/p>\n<p>O desinteresse nas Ci\u00eancias Humanas ficou ainda mais preocupante quando, em junho deste ano, a Unisinos \u2013 universidade comunit\u00e1ria, mas que recebe repasses do governo para compensar o ingresso de bolsistas \u2013 decidiu fechar 12 cursos de p\u00f3s-graduac\u00e3o, provocando pavor na comunidade acad\u00eamica. Enquanto encerrava programas renomados como o de Comunica\u00e7\u00e3o e o de Hist\u00f3ria, a institui\u00e7\u00e3o <a href=\"https:\/\/www.taurusarmas.com.br\/pt\/noticias\/taurus-cria-programa-educacional-de-excelencia-em-pesquisa-e-inovacao\" target=\"_blank\" rel=\"noopener\">abria um curso de p\u00f3s-gradua\u00e7\u00e3o em Engenharia de Produ\u00e7\u00e3o e Sistemas Taurus<\/a>. \u00c9 exatamente isso que voc\u00ea leu: um curso de inova\u00e7\u00e3o tecnol\u00f3gica financiado pela ind\u00fastria que <a href=\"https:\/\/brasil.elpais.com\/brasil\/2018\/04\/23\/politica\/1524496451_378897.html\" target=\"_blank\" rel=\"noopener\">\u00e9 mais conhecida por suas armas que falham e disparam sozinhas<\/a>, e que, infelizmente tem tudo pra ser um tiro no p\u00e9.<\/p>\n<p>[\/et_pb_text][\/et_pb_column][et_pb_column type=&#8221;3_5&#8243; _builder_version=&#8221;4.19.0&#8243; _module_preset=&#8221;default&#8221; global_colors_info=&#8221;{}&#8221;][et_pb_image src=&#8221;https:\/\/marcozero.org\/soudehumanas\/wp-content\/uploads\/2022\/11\/ufgdresiste.jpg&#8221; alt=&#8221;Escola de Belas Artes da UFRJ&#8221; title_text=&#8221;ufgdresiste&#8221; force_fullwidth=&#8221;on&#8221; _builder_version=&#8221;4.19.2&#8243; _module_preset=&#8221;default&#8221; custom_margin=&#8221;100px||||false|false&#8221; custom_margin_tablet=&#8221;100px||||false|false&#8221; custom_margin_phone=&#8221;0px||||false|false&#8221; custom_margin_last_edited=&#8221;on|phone&#8221; animation_direction=&#8221;bottom&#8221; scroll_rotating_enable=&#8221;on&#8221; scroll_rotating=&#8221;0|50|50|100|0\u00b0|-3\u00b0|-3\u00b0&#8221; border_width_all=&#8221;10px&#8221; border_color_all=&#8221;#FFFFFF&#8221; box_shadow_style=&#8221;preset4&#8243; box_shadow_horizontal=&#8221;5px&#8221; locked=&#8221;off&#8221; global_colors_info=&#8221;{}&#8221;][\/et_pb_image][et_pb_text _builder_version=&#8221;4.19.2&#8243; _module_preset=&#8221;default&#8221; text_font=&#8221;|300|||||||&#8221; text_font_size=&#8221;16px&#8221; text_line_height=&#8221;1.4em&#8221; custom_margin=&#8221;|||30px|false|false&#8221; scroll_rotating_enable=&#8221;on&#8221; scroll_rotating=&#8221;0|50|50|100|0\u00b0|-3\u00b0|-3\u00b0&#8221; locked=&#8221;off&#8221; global_colors_info=&#8221;{}&#8221;]<\/p>\n<p><span>Foto: Iara Cardoso \/ Sintef\/UFGD<\/span><\/p>\n<p>[\/et_pb_text][\/et_pb_column][\/et_pb_row][\/et_pb_section][et_pb_section fb_built=&#8221;1&#8243; _builder_version=&#8221;4.19.2&#8243; _module_preset=&#8221;default&#8221; background_color=&#8221;gcid-330633dc-352d-43a9-aae1-6c8cbe2cbc1a&#8221; background_enable_image=&#8221;off&#8221; background_size=&#8221;custom&#8221; background_position=&#8221;top_right&#8221; background_horizontal_offset=&#8221;-40%&#8221; background_vertical_offset=&#8221;15%&#8221; background_blend=&#8221;multiply&#8221; background_enable_pattern_style=&#8221;on&#8221; background_pattern_style=&#8221;diagonal-stripes-2&#8243; background_pattern_color=&#8221;rgba(0,0,0,0.05)&#8221; background_pattern_transform=&#8221;flip_horizontal&#8221; background_pattern_size=&#8221;custom&#8221; background_pattern_width=&#8221;5px&#8221; background_pattern_height=&#8221;0px&#8221; global_colors_info=&#8221;{%22gcid-330633dc-352d-43a9-aae1-6c8cbe2cbc1a%22:%91%22background_color%22%93}&#8221;][et_pb_row column_structure=&#8221;3_5,2_5&#8243; _builder_version=&#8221;4.19.2&#8243; _module_preset=&#8221;default&#8221; custom_padding=&#8221;||0px|||&#8221; global_colors_info=&#8221;{}&#8221;][et_pb_column type=&#8221;3_5&#8243; _builder_version=&#8221;4.19.0&#8243; _module_preset=&#8221;default&#8221; global_colors_info=&#8221;{}&#8221;][et_pb_text module_class=&#8221;LinkAmarelo&#8221; _builder_version=&#8221;4.19.2&#8243; _module_preset=&#8221;default&#8221; header_font=&#8221;Cutive Mono||||||||&#8221; header_font_size=&#8221;36px&#8221; header_line_height=&#8221;1.2em&#8221; background_layout=&#8221;dark&#8221; locked=&#8221;off&#8221; global_colors_info=&#8221;{}&#8221;]<\/p>\n<h1>Cortes de bolsas, cursos fechados, fuga de c\u00e9rebros<\/h1>\n<p>Al\u00e9m dos cortes de bolsas e fim dos cursos, as Ci\u00eancias Humanas e as Sociais sofrem ainda com a chamada &#8220;fuga de c\u00e9rebros&#8221;, fen\u00f4meno bastante conhecido na fam\u00edlia Bolsonaro, mas que nesse caso significa a migra\u00e7\u00e3o de pesquisadores para o exterior em buscas de melhores formas de financiamento e oportunidades de trabalho. <a href=\"https:\/\/twitter.com\/_brunoleal_\/status\/1556608598234521601\" target=\"_blank\" rel=\"noopener\"><\/a>[\/et_pb_text][et_pb_image src=&#8221;https:\/\/marcozero.org\/soudehumanas\/wp-content\/uploads\/2022\/12\/bruno-tweet.jpg&#8221; title_text=&#8221;bruno-tweet&#8221; align=&#8221;center&#8221; _builder_version=&#8221;4.19.2&#8243; _module_preset=&#8221;default&#8221; custom_margin=&#8221;||60px||false|false&#8221; scroll_rotating_enable=&#8221;on&#8221; scroll_rotating=&#8221;0|50|50|100|0\u00b0|-3\u00b0|-3\u00b0&#8221; box_shadow_style=&#8221;preset4&#8243; global_colors_info=&#8221;{}&#8221;][\/et_pb_image][et_pb_text module_class=&#8221;LinkAmarelo&#8221; _builder_version=&#8221;4.19.2&#8243; _module_preset=&#8221;default&#8221; header_font=&#8221;Cutive Mono||||||||&#8221; header_font_size=&#8221;36px&#8221; header_line_height=&#8221;1.2em&#8221; background_layout=&#8221;dark&#8221; locked=&#8221;off&#8221; global_colors_info=&#8221;{}&#8221;]<\/p>\n<p>H\u00e1 ainda outro problema grave que atinge pesquisadores que trabalham com temas corriqueiros nas Humanas, como g\u00eanero, hist\u00f3ria ou pol\u00edtica: o aumento da censura, persegui\u00e7\u00e3o e ataques. De acordo com <a href=\"https:\/\/adufrj.org.br\/index.php\/pt-br\/noticias\/arquivo\/21-destaques\/4457-estudo-revela-que-liberdade-academica-esta-em-risco\" target=\"_blank\" rel=\"noopener\">um levantamento feito pelo Observat\u00f3rio do Conhecimento<\/a> [<a href=\"https:\/\/marcozero.org\/soudehumanas\/a-balburdia\/\">leia mais sobre a entidade no link A Balb\u00fardia desta reportagem<\/a>], 34% dos pesquisadores j\u00e1 limitaram seus trabalhos com receio de retalia\u00e7\u00f5es e 46% conhecem pessoas que sofreram limita\u00e7\u00f5es ou interfer\u00eancias indevidas em suas pesquisas ou aulas. <a href=\"https:\/\/www.scholarsatrisk.org\/2022\/04\/brazil-decline-in-academic-freedom-requires-uns-attention\/\" target=\"_blank\" rel=\"noopener\">A organiza\u00e7\u00e3o Scholars at Risk garante que o Brasil tem hoje o segundo \u00edndice mais baixo de garantia da liberdade acad\u00eamica na Am\u00e9rica do Sul.<\/a> Este \u00edndice \u00e9 composto por indicadores de liberdade dos cientistas desenvolverem suas agendas de pesquisa, a divulga\u00e7\u00e3o e o debate dos resultados, as condi\u00e7\u00f5es de autonomia universit\u00e1ria, a garantia de diversidade de manifesta\u00e7\u00f5es culturais e a indevida ocorr\u00eancia de vigil\u00e2ncia pol\u00edtica nos campi.<\/p>\n<p>&nbsp;<\/p>\n<p>[\/et_pb_text][\/et_pb_column][et_pb_column type=&#8221;2_5&#8243; disabled_on=&#8221;on|on|off&#8221; _builder_version=&#8221;4.19.2&#8243; _module_preset=&#8221;default&#8221; global_colors_info=&#8221;{}&#8221;][\/et_pb_column][\/et_pb_row][et_pb_row column_structure=&#8221;3_5,2_5&#8243; make_equal=&#8221;on&#8221; _builder_version=&#8221;4.19.2&#8243; _module_preset=&#8221;default&#8221; custom_padding=&#8221;0px|||||&#8221; global_colors_info=&#8221;{}&#8221;][et_pb_column type=&#8221;3_5&#8243; _builder_version=&#8221;4.19.0&#8243; _module_preset=&#8221;default&#8221; global_colors_info=&#8221;{}&#8221;][et_pb_text module_class=&#8221;LinkAmarelo&#8221; _builder_version=&#8221;4.19.2&#8243; _module_preset=&#8221;default&#8221; header_font=&#8221;Cutive Mono||||||||&#8221; header_font_size=&#8221;36px&#8221; header_line_height=&#8221;1.2em&#8221; background_layout=&#8221;dark&#8221; locked=&#8221;off&#8221; global_colors_info=&#8221;{}&#8221;]<\/p>\n<p>Em agosto de 2021, o professor de Hist\u00f3ria da Universidade Federal da Bahia, Carlos Zacarias, especialista em revisionismo hist\u00f3rico, <a href=\"https:\/\/atarde.com.br\/bahia\/bahiasalvador\/professor-da-ufba-e-ameacado-por-empresa-que-teve-quebra-de-sigilo-na-cpi-da-covid-1169145\" target=\"_blank\" rel=\"noopener\">foi amea\u00e7ado pela produtora de v\u00eddeos conservadora Brasil Paralelo depois de ter feito um post em que alertava a Secretaria de Educa\u00e7\u00e3o da Bahia a n\u00e3o usar os v\u00eddeos da produtora como conte\u00fado educacional<\/a>.<\/p>\n<p>[\/et_pb_text][et_pb_image src=&#8221;https:\/\/marcozero.org\/soudehumanas\/wp-content\/uploads\/2022\/12\/zacarias-tweet.jpg&#8221; title_text=&#8221;zacarias-tweet&#8221; align=&#8221;center&#8221; _builder_version=&#8221;4.19.2&#8243; _module_preset=&#8221;default&#8221; custom_margin=&#8221;||60px||false|false&#8221; scroll_rotating_enable=&#8221;on&#8221; scroll_rotating=&#8221;0|50|50|100|0\u00b0|3\u00b0|3\u00b0&#8221; box_shadow_style=&#8221;preset4&#8243; locked=&#8221;off&#8221; global_colors_info=&#8221;{}&#8221;][\/et_pb_image][et_pb_text module_class=&#8221;LinkAmarelo&#8221; _builder_version=&#8221;4.19.2&#8243; _module_preset=&#8221;default&#8221; header_font=&#8221;Cutive Mono||||||||&#8221; header_font_size=&#8221;36px&#8221; header_line_height=&#8221;1.2em&#8221; background_layout=&#8221;dark&#8221; locked=&#8221;off&#8221; global_colors_info=&#8221;{}&#8221;]<\/p>\n<p>Carlos recebeu uma notifica\u00e7\u00e3o extrajudicial com 14 p\u00e1ginas, afirmando que a produtora havia sido v\u00edtima de difama\u00e7\u00e3o por parte do professor, e que ele seria levado \u00e0 Justi\u00e7a caso n\u00e3o se retratasse em sete dias. Not\u00f3ria divulgadora de teses anticient\u00edficas e negacionistas, a produtora foi denunciada pelo pesquisador em suas redes, recebendo apoio de diversas entidades ligadas ao ensino de Hist\u00f3ria. Com a den\u00fancia p\u00fablica das amea\u00e7as, a produtora recuou dos ataques.<\/p>\n<p>Com a nomea\u00e7\u00e3o de interventores indicados diretamente pelo governo federal em mais de 20 universidades, sem respeitar a pr\u00e1tica da lista tr\u00edplice \u2013 a escolha dos reitores nas universidades historicamente \u00e9 definida a partir de uma lista com tr\u00eas nomes democraticamente indicados pela comunidade acad\u00eamica, o que afasta a possibilidade de aparelhamento \u2013 tamb\u00e9m aumentou a inseguran\u00e7a de pesquisadores que questionam ideologicamente a presid\u00eancia da Rep\u00fablica.<\/p>\n<p>&#8220;O governo vem tomando atitudes na linha de uma pol\u00edcia do pensamento. Tem algo que, de certo modo, \u00e9 mais virulento que na ditadura: uma tentativa de direcionar as linhas de pesquisa, definir o que deve ou n\u00e3o ser pesquisado numa universidade. Isso n\u00e3o existe em nenhum lugar do mundo. O grau de press\u00e3o \u00e9 in\u00e9dito para minha gera\u00e7\u00e3o&#8221;, escreveu em um artigo publicado no jornal Folha de S. Paulo a ex-presidente do Cebrap, a soci\u00f3loga Angela Alonso.<\/p>\n<p>Ainda assim, as universidades federais trabalharam incessantemente durante a crise sanit\u00e1ria provocada pela pandemia de Covid-19, que coincidiu com a pior crise da Educa\u00e7\u00e3o na hist\u00f3ria recente do Brasil. O <a href=\"https:\/\/souciencia.unifesp.br\/paineis\/universidadesemdefesadavida\/\" target=\"_blank\" rel=\"noopener\">painel \u201cUniversidades em defesa da vida: atua\u00e7\u00e3o das universidades federais na pandemia da Covid-19\u201d<\/a>, da Unifesp, mostra um quadro completo das a\u00e7\u00f5es desenvolvidas por todas as universidades brasileiras.<\/p>\n<p>[\/et_pb_text][\/et_pb_column][et_pb_column type=&#8221;2_5&#8243; _builder_version=&#8221;4.19.2&#8243; _module_preset=&#8221;default&#8221; custom_css_main_element=&#8221;margin: auto auto 0;&#8221; global_colors_info=&#8221;{}&#8221;][et_pb_video src=&#8221;https:\/\/www.youtube.com\/watch?v=DCyDQKVFO0w&#8221; _builder_version=&#8221;4.19.2&#8243; _module_preset=&#8221;default&#8221; custom_margin=&#8221;60px||||false|false&#8221; scroll_rotating_enable=&#8221;on&#8221; scroll_rotating=&#8221;0|50|50|100|5\u00b0|0|0&#8243; global_colors_info=&#8221;{}&#8221;][\/et_pb_video][et_pb_text _builder_version=&#8221;4.19.2&#8243; _module_preset=&#8221;default&#8221; text_font=&#8221;|300|||||||&#8221; text_font_size=&#8221;16px&#8221; text_line_height=&#8221;1.4em&#8221; text_orientation=&#8221;right&#8221; background_layout=&#8221;dark&#8221; custom_margin=&#8221;|||30px|false|false&#8221; scroll_rotating=&#8221;0|50|50|100|0\u00b0|3\u00b0|3\u00b0&#8221; locked=&#8221;off&#8221; global_colors_info=&#8221;{}&#8221;]<\/p>\n<p>O professor Carlos Zacarias conta ao canal <em>Roteirices<\/em> os detalhes da persegui\u00e7\u00e3o que sofreu.<\/p>\n<p>[\/et_pb_text][\/et_pb_column][\/et_pb_row][\/et_pb_section][et_pb_section fb_built=&#8221;1&#8243; _builder_version=&#8221;4.19.2&#8243; _module_preset=&#8221;default&#8221; background_color=&#8221;#e00080&#8243; locked=&#8221;off&#8221; global_colors_info=&#8221;{}&#8221;][et_pb_row _builder_version=&#8221;4.19.2&#8243; _module_preset=&#8221;default&#8221; custom_padding=&#8221;0px||0px||false|false&#8221; global_colors_info=&#8221;{}&#8221;][et_pb_column type=&#8221;4_4&#8243; _builder_version=&#8221;4.19.2&#8243; _module_preset=&#8221;default&#8221; global_colors_info=&#8221;{}&#8221;][et_pb_text _builder_version=&#8221;4.19.2&#8243; _module_preset=&#8221;default&#8221; header_font=&#8221;Cutive Mono||||||||&#8221; header_text_color=&#8221;#FFFFFF&#8221; header_font_size=&#8221;40px&#8221; global_colors_info=&#8221;{}&#8221;]<\/p>\n<h1>Escute<\/h1>\n<p>[\/et_pb_text][et_pb_code _builder_version=&#8221;4.19.2&#8243; _module_preset=&#8221;default&#8221; global_colors_info=&#8221;{}&#8221;]<iframe style=\"border-radius:12px\" src=\"https:\/\/open.spotify.com\/embed\/episode\/74OtU3oQNKFmRGCZH4UK6b?utm_source=generator\" width=\"100%\" height=\"352\" frameBorder=\"0\" allowfullscreen=\"\" allow=\"autoplay; clipboard-write; encrypted-media; fullscreen; picture-in-picture\" loading=\"lazy\"><\/iframe>[\/et_pb_code][\/et_pb_column][\/et_pb_row][\/et_pb_section]<\/p>\n","protected":false},"excerpt":{"rendered":"<p>A trag\u00e9diaAt\u00e9 aqui j\u00e1 entendemos que as piadas sobre ser de Humanas podem ser realmente engra\u00e7adas. O problema \u00e9 que essa zoeira com naturaliza a ideia de que de fato esta \u00e9 uma \u00e1rea menor, menos \u00fatil dentro das ci\u00eancias. Sabe aquele ditado &#8220;uma mentira contada mil vezes acaba virando verdade&#8221;? Nesse caso, uma zoeira [&hellip;]<\/p>\n","protected":false},"author":1,"featured_media":0,"parent":0,"menu_order":0,"comment_status":"closed","ping_status":"closed","template":"","meta":{"_et_pb_use_builder":"on","_et_pb_old_content":"","_et_gb_content_width":"","footnotes":""},"class_list":["post-47669","page","type-page","status-publish","hentry"],"yoast_head":"<!-- This site is optimized with the Yoast SEO plugin v20.1 - https:\/\/yoast.com\/wordpress\/plugins\/seo\/ -->\n<title>A Trag\u00e9dia - #SOUdeHUMANAS<\/title>\n<meta name=\"robots\" content=\"index, follow, max-snippet:-1, max-image-preview:large, max-video-preview:-1\" \/>\n<link rel=\"canonical\" href=\"https:\/\/marcozero.org\/soudehumanas\/a-tragedia\/\" \/>\n<meta property=\"og:locale\" content=\"pt_BR\" \/>\n<meta property=\"og:type\" content=\"article\" \/>\n<meta property=\"og:title\" content=\"A Trag\u00e9dia - #SOUdeHUMANAS\" \/>\n<meta property=\"og:description\" content=\"A trag\u00e9diaAt\u00e9 aqui j\u00e1 entendemos que as piadas sobre ser de Humanas podem ser realmente engra\u00e7adas. O problema \u00e9 que essa zoeira com naturaliza a ideia de que de fato esta \u00e9 uma \u00e1rea menor, menos \u00fatil dentro das ci\u00eancias. Sabe aquele ditado &quot;uma mentira contada mil vezes acaba virando verdade&quot;? Nesse caso, uma zoeira [&hellip;]\" \/>\n<meta property=\"og:url\" content=\"https:\/\/marcozero.org\/soudehumanas\/a-tragedia\/\" \/>\n<meta property=\"og:site_name\" content=\"#SOUdeHUMANAS\" \/>\n<meta property=\"article:modified_time\" content=\"2022-12-06T22:10:32+00:00\" \/>\n<meta property=\"og:image\" content=\"https:\/\/marcozero.org\/soudehumanas\/wp-content\/uploads\/2022\/12\/chamada-redes.jpg\" \/>\n\t<meta property=\"og:image:width\" content=\"512\" \/>\n\t<meta property=\"og:image:height\" content=\"512\" \/>\n\t<meta property=\"og:image:type\" content=\"image\/jpeg\" \/>\n<meta name=\"twitter:card\" content=\"summary_large_image\" \/>\n<meta name=\"twitter:label1\" content=\"Est. tempo de leitura\" \/>\n\t<meta name=\"twitter:data1\" content=\"46 minutos\" \/>\n<script type=\"application\/ld+json\" class=\"yoast-schema-graph\">{\"@context\":\"https:\/\/schema.org\",\"@graph\":[{\"@type\":\"WebPage\",\"@id\":\"https:\/\/marcozero.org\/soudehumanas\/a-tragedia\/\",\"url\":\"https:\/\/marcozero.org\/soudehumanas\/a-tragedia\/\",\"name\":\"A Trag\u00e9dia - #SOUdeHUMANAS\",\"isPartOf\":{\"@id\":\"https:\/\/marcozero.org\/soudehumanas\/#website\"},\"datePublished\":\"2022-11-15T14:41:17+00:00\",\"dateModified\":\"2022-12-06T22:10:32+00:00\",\"breadcrumb\":{\"@id\":\"https:\/\/marcozero.org\/soudehumanas\/a-tragedia\/#breadcrumb\"},\"inLanguage\":\"pt-BR\",\"potentialAction\":[{\"@type\":\"ReadAction\",\"target\":[\"https:\/\/marcozero.org\/soudehumanas\/a-tragedia\/\"]}]},{\"@type\":\"BreadcrumbList\",\"@id\":\"https:\/\/marcozero.org\/soudehumanas\/a-tragedia\/#breadcrumb\",\"itemListElement\":[{\"@type\":\"ListItem\",\"position\":1,\"name\":\"In\u00edcio\",\"item\":\"https:\/\/marcozero.org\/soudehumanas\/\"},{\"@type\":\"ListItem\",\"position\":2,\"name\":\"A Trag\u00e9dia\"}]},{\"@type\":\"WebSite\",\"@id\":\"https:\/\/marcozero.org\/soudehumanas\/#website\",\"url\":\"https:\/\/marcozero.org\/soudehumanas\/\",\"name\":\"#SOUdeHUMANAS\",\"description\":\"\",\"publisher\":{\"@id\":\"https:\/\/marcozero.org\/soudehumanas\/#organization\"},\"potentialAction\":[{\"@type\":\"SearchAction\",\"target\":{\"@type\":\"EntryPoint\",\"urlTemplate\":\"https:\/\/marcozero.org\/soudehumanas\/?s={search_term_string}\"},\"query-input\":\"required name=search_term_string\"}],\"inLanguage\":\"pt-BR\"},{\"@type\":\"Organization\",\"@id\":\"https:\/\/marcozero.org\/soudehumanas\/#organization\",\"name\":\"#SOUdeHUMANAS\",\"url\":\"https:\/\/marcozero.org\/soudehumanas\/\",\"logo\":{\"@type\":\"ImageObject\",\"inLanguage\":\"pt-BR\",\"@id\":\"https:\/\/marcozero.org\/soudehumanas\/#\/schema\/logo\/image\/\",\"url\":\"https:\/\/marcozero.org\/soudehumanas\/wp-content\/uploads\/2022\/12\/chamada-redes.jpg\",\"contentUrl\":\"https:\/\/marcozero.org\/soudehumanas\/wp-content\/uploads\/2022\/12\/chamada-redes.jpg\",\"width\":512,\"height\":512,\"caption\":\"#SOUdeHUMANAS\"},\"image\":{\"@id\":\"https:\/\/marcozero.org\/soudehumanas\/#\/schema\/logo\/image\/\"}}]}<\/script>\n<!-- \/ Yoast SEO plugin. -->","yoast_head_json":{"title":"A Trag\u00e9dia - #SOUdeHUMANAS","robots":{"index":"index","follow":"follow","max-snippet":"max-snippet:-1","max-image-preview":"max-image-preview:large","max-video-preview":"max-video-preview:-1"},"canonical":"https:\/\/marcozero.org\/soudehumanas\/a-tragedia\/","og_locale":"pt_BR","og_type":"article","og_title":"A Trag\u00e9dia - #SOUdeHUMANAS","og_description":"A trag\u00e9diaAt\u00e9 aqui j\u00e1 entendemos que as piadas sobre ser de Humanas podem ser realmente engra\u00e7adas. O problema \u00e9 que essa zoeira com naturaliza a ideia de que de fato esta \u00e9 uma \u00e1rea menor, menos \u00fatil dentro das ci\u00eancias. Sabe aquele ditado \"uma mentira contada mil vezes acaba virando verdade\"? Nesse caso, uma zoeira [&hellip;]","og_url":"https:\/\/marcozero.org\/soudehumanas\/a-tragedia\/","og_site_name":"#SOUdeHUMANAS","article_modified_time":"2022-12-06T22:10:32+00:00","og_image":[{"width":512,"height":512,"url":"https:\/\/marcozero.org\/soudehumanas\/wp-content\/uploads\/2022\/12\/chamada-redes.jpg","type":"image\/jpeg"}],"twitter_card":"summary_large_image","twitter_misc":{"Est. tempo de leitura":"46 minutos"},"schema":{"@context":"https:\/\/schema.org","@graph":[{"@type":"WebPage","@id":"https:\/\/marcozero.org\/soudehumanas\/a-tragedia\/","url":"https:\/\/marcozero.org\/soudehumanas\/a-tragedia\/","name":"A Trag\u00e9dia - #SOUdeHUMANAS","isPartOf":{"@id":"https:\/\/marcozero.org\/soudehumanas\/#website"},"datePublished":"2022-11-15T14:41:17+00:00","dateModified":"2022-12-06T22:10:32+00:00","breadcrumb":{"@id":"https:\/\/marcozero.org\/soudehumanas\/a-tragedia\/#breadcrumb"},"inLanguage":"pt-BR","potentialAction":[{"@type":"ReadAction","target":["https:\/\/marcozero.org\/soudehumanas\/a-tragedia\/"]}]},{"@type":"BreadcrumbList","@id":"https:\/\/marcozero.org\/soudehumanas\/a-tragedia\/#breadcrumb","itemListElement":[{"@type":"ListItem","position":1,"name":"In\u00edcio","item":"https:\/\/marcozero.org\/soudehumanas\/"},{"@type":"ListItem","position":2,"name":"A Trag\u00e9dia"}]},{"@type":"WebSite","@id":"https:\/\/marcozero.org\/soudehumanas\/#website","url":"https:\/\/marcozero.org\/soudehumanas\/","name":"#SOUdeHUMANAS","description":"","publisher":{"@id":"https:\/\/marcozero.org\/soudehumanas\/#organization"},"potentialAction":[{"@type":"SearchAction","target":{"@type":"EntryPoint","urlTemplate":"https:\/\/marcozero.org\/soudehumanas\/?s={search_term_string}"},"query-input":"required name=search_term_string"}],"inLanguage":"pt-BR"},{"@type":"Organization","@id":"https:\/\/marcozero.org\/soudehumanas\/#organization","name":"#SOUdeHUMANAS","url":"https:\/\/marcozero.org\/soudehumanas\/","logo":{"@type":"ImageObject","inLanguage":"pt-BR","@id":"https:\/\/marcozero.org\/soudehumanas\/#\/schema\/logo\/image\/","url":"https:\/\/marcozero.org\/soudehumanas\/wp-content\/uploads\/2022\/12\/chamada-redes.jpg","contentUrl":"https:\/\/marcozero.org\/soudehumanas\/wp-content\/uploads\/2022\/12\/chamada-redes.jpg","width":512,"height":512,"caption":"#SOUdeHUMANAS"},"image":{"@id":"https:\/\/marcozero.org\/soudehumanas\/#\/schema\/logo\/image\/"}}]}},"_links":{"self":[{"href":"https:\/\/marcozero.org\/soudehumanas\/wp-json\/wp\/v2\/pages\/47669","targetHints":{"allow":["GET"]}}],"collection":[{"href":"https:\/\/marcozero.org\/soudehumanas\/wp-json\/wp\/v2\/pages"}],"about":[{"href":"https:\/\/marcozero.org\/soudehumanas\/wp-json\/wp\/v2\/types\/page"}],"author":[{"embeddable":true,"href":"https:\/\/marcozero.org\/soudehumanas\/wp-json\/wp\/v2\/users\/1"}],"replies":[{"embeddable":true,"href":"https:\/\/marcozero.org\/soudehumanas\/wp-json\/wp\/v2\/comments?post=47669"}],"version-history":[{"count":95,"href":"https:\/\/marcozero.org\/soudehumanas\/wp-json\/wp\/v2\/pages\/47669\/revisions"}],"predecessor-version":[{"id":48222,"href":"https:\/\/marcozero.org\/soudehumanas\/wp-json\/wp\/v2\/pages\/47669\/revisions\/48222"}],"wp:attachment":[{"href":"https:\/\/marcozero.org\/soudehumanas\/wp-json\/wp\/v2\/media?parent=47669"}],"curies":[{"name":"wp","href":"https:\/\/api.w.org\/{rel}","templated":true}]}}