{"id":47751,"date":"2022-11-15T16:37:10","date_gmt":"2022-11-15T19:37:10","guid":{"rendered":"https:\/\/marcozero.org\/soudehumanas\/?page_id=47751"},"modified":"2022-12-06T14:42:38","modified_gmt":"2022-12-06T17:42:38","slug":"o-papel-das-ciencias-humanas-no-brasil-de-amanha","status":"publish","type":"page","link":"https:\/\/marcozero.org\/soudehumanas\/o-papel-das-ciencias-humanas-no-brasil-de-amanha\/","title":{"rendered":"O papel das Ci\u00eancias Humanas no Brasil de amanh\u00e3"},"content":{"rendered":"<p>[et_pb_section fb_built=&#8221;1&#8243; _builder_version=&#8221;4.18.0&#8243; _module_preset=&#8221;default&#8221; background_enable_image=&#8221;off&#8221; custom_padding=&#8221;0px||0px||false|false&#8221; global_colors_info=&#8221;{}&#8221;][et_pb_row _builder_version=&#8221;4.19.2&#8243; _module_preset=&#8221;default&#8221; background_image=&#8221;https:\/\/marcozero.org\/soudehumanas\/wp-content\/uploads\/2022\/12\/topo-importancia.jpg&#8221; parallax=&#8221;on&#8221; parallax_method=&#8221;off&#8221; width=&#8221;100%&#8221; max_width=&#8221;2560px&#8221; min_height=&#8221;450px&#8221; custom_padding=&#8221;0px||0px||false|false&#8221; hover_enabled=&#8221;0&#8243; global_colors_info=&#8221;{}&#8221; background_last_edited=&#8221;on|phone&#8221; sticky_enabled=&#8221;0&#8243; title_text=&#8221;bg-zegotinha-mobilke&#8221; background_image_phone=&#8221;https:\/\/marcozero.org\/soudehumanas\/wp-content\/uploads\/2022\/12\/bg-zegotinha-mobilke.jpg&#8221; background_enable_image_phone=&#8221;on&#8221; parallax_phone=&#8221;off&#8221; background_position_phone=&#8221;top_left&#8221;][et_pb_column type=&#8221;4_4&#8243; _builder_version=&#8221;4.18.0&#8243; _module_preset=&#8221;default&#8221; global_colors_info=&#8221;{}&#8221;][et_pb_slider _builder_version=&#8221;4.19.2&#8243; _module_preset=&#8221;default&#8221; global_colors_info=&#8221;{}&#8221;][et_pb_slide use_text_overlay=&#8221;on&#8221; text_overlay_color=&#8221;gcid-09f4ba3f-a92d-410b-89b5-65adc61a1aeb&#8221; _builder_version=&#8221;4.19.2&#8243; _module_preset=&#8221;default&#8221; header_level=&#8221;h1&#8243; header_font=&#8221;Cutive Mono||||||||&#8221; header_font_size=&#8221;76px&#8221; header_letter_spacing=&#8221;4px&#8221; body_font=&#8221;blackout|||on|||||&#8221; body_font_size=&#8221;76px&#8221; body_letter_spacing=&#8221;2px&#8221; body_line_height=&#8221;1em&#8221; background_color=&#8221;RGBA(255,255,255,0)&#8221; background_enable_color=&#8221;on&#8221; body_font_size_tablet=&#8221;76px&#8221; body_font_size_phone=&#8221;42px&#8221; body_font_size_last_edited=&#8221;on|phone&#8221; custom_css_slide_title=&#8221;background-color:#000;||display: inline;||padding: 0 30px;&#8221; custom_css_slide_container=&#8221;width:50%;&#8221; body_text_shadow_style=&#8221;preset5&#8243; body_text_shadow_horizontal_length=&#8221;0.05em&#8221; body_text_shadow_vertical_length=&#8221;0.05em&#8221; global_colors_info=&#8221;{%22gcid-09f4ba3f-a92d-410b-89b5-65adc61a1aeb%22:%91%22text_overlay_color%22%93}&#8221; custom_css_slide_container_last_edited=&#8221;on|desktop&#8221; custom_css_slide_container_tablet=&#8221;width:50%;&#8221; custom_css_slide_container_phone=&#8221;width:100%;&#8221; sticky_transition=&#8221;on&#8221;]<\/p>\n<p>O papel das Humanas no Brasil do Futuro<\/p>\n<p>[\/et_pb_slide][\/et_pb_slider][\/et_pb_column][\/et_pb_row][\/et_pb_section][et_pb_section fb_built=&#8221;1&#8243; _builder_version=&#8221;4.19.0&#8243; _module_preset=&#8221;default&#8221; background_color=&#8221;gcid-6639218f-ecae-4368-bbce-ba638e9f94a5&#8243; global_colors_info=&#8221;{%22gcid-09f4ba3f-a92d-410b-89b5-65adc61a1aeb%22:%91%22background_pattern_color%22%93,%22gcid-6639218f-ecae-4368-bbce-ba638e9f94a5%22:%91%22background_color%22%93}&#8221;][et_pb_row column_structure=&#8221;1_5,3_5,1_5&#8243; custom_padding_last_edited=&#8221;on|phone&#8221; _builder_version=&#8221;4.19.2&#8243; _module_preset=&#8221;default&#8221; custom_padding_tablet=&#8221;&#8221; custom_padding_phone=&#8221;0px||0px||false|false&#8221; global_colors_info=&#8221;{}&#8221;][et_pb_column type=&#8221;1_5&#8243; _builder_version=&#8221;4.18.0&#8243; _module_preset=&#8221;default&#8221; global_colors_info=&#8221;{}&#8221;][\/et_pb_column][et_pb_column type=&#8221;3_5&#8243; _builder_version=&#8221;4.18.0&#8243; _module_preset=&#8221;default&#8221; global_colors_info=&#8221;{}&#8221;][et_pb_text _builder_version=&#8221;4.19.2&#8243; _module_preset=&#8221;default&#8221; text_font_size=&#8221;20px&#8221; header_line_height=&#8221;1.4em&#8221; background_color=&#8221;gcid-0a5e40a0-b4ca-42c7-9ac7-999fb7719821&#8243; custom_padding=&#8221;40px|40px|40px|40px|true|true&#8221; scroll_rotating_enable=&#8221;on&#8221; scroll_rotating=&#8221;0|50|50|100|0\u00b0|3\u00b0|3\u00b0&#8221; box_shadow_style=&#8221;preset4&#8243; global_colors_info=&#8221;{%22gcid-0a5e40a0-b4ca-42c7-9ac7-999fb7719821%22:%91%22background_color%22%93}&#8221;]<\/p>\n<p><span style=\"font-weight: 400;\">Cientistas ouvidos para a reportagem deixam suas sugest\u00f5es:\u00a0<\/span><\/p>\n<h1>O que o governo federal deveria fazer para recuperar o prest\u00edgio da \u00e1rea das Ci\u00eancias Humanas a partir de 2023?<\/h1>\n<p>[\/et_pb_text][\/et_pb_column][et_pb_column type=&#8221;1_5&#8243; _builder_version=&#8221;4.18.0&#8243; _module_preset=&#8221;default&#8221; global_colors_info=&#8221;{}&#8221;][\/et_pb_column][\/et_pb_row][et_pb_row column_structure=&#8221;3_5,2_5&#8243; _builder_version=&#8221;4.19.0&#8243; _module_preset=&#8221;default&#8221; global_colors_info=&#8221;{}&#8221;][et_pb_column type=&#8221;3_5&#8243; _builder_version=&#8221;4.19.0&#8243; _module_preset=&#8221;default&#8221; background_image=&#8221;https:\/\/marcozero.org\/soudehumanas\/wp-content\/uploads\/2022\/11\/bg-baloes.png&#8221; background_size=&#8221;contain&#8221; background_position=&#8221;top_right&#8221; background_last_edited=&#8221;on|phone&#8221; background_position_phone=&#8221;bottom_center&#8221; global_colors_info=&#8221;{}&#8221;][et_pb_text _builder_version=&#8221;4.19.0&#8243; _module_preset=&#8221;default&#8221; background_color=&#8221;#FFFFFF&#8221; width=&#8221;85%&#8221; custom_margin_tablet=&#8221;&#8221; custom_margin_phone=&#8221;||60px||false|false&#8221; custom_margin_last_edited=&#8221;on|phone&#8221; custom_padding=&#8221;40px|40px|40px|40px|true|true&#8221; border_radii=&#8221;on|15px|15px|15px|15px&#8221; global_colors_info=&#8221;{}&#8221;]<\/p>\n<p>&#8220;Pensar meios inteligentes de fazer perguntas de forma a criar nas pessoas um interesse real em Ci\u00eancia, n\u00e3o s\u00f3 presumir que o cidad\u00e3o j\u00e1 est\u00e1 interessado neste debate. O que uma pessoa quer dizer quando diz que n\u00e3o confia na vacina? As pessoas n\u00e3o querem mais simplesmente acreditar no que \u00e9 dito, ou no que a m\u00eddia diz, querem pensar por si pr\u00f3prias. N\u00f3s estamos preparados para compartilhar esse conhecimento com todos? A Psicologia Social, por exemplo, j\u00e1 possui metodologias pra esse tipo de consulta. Mas penso tamb\u00e9m em historiadores, cientistas sociais, e outros pesquisadores que ajudassem a mediar essa conversa, a traduzir um pouco o debate cient\u00edfico. Quando uma pessoa diz que n\u00e3o confia na vacina, isso pode ser lido como uma decep\u00e7\u00e3o, mas tamb\u00e9m como uma promessa, como uma expectativa de uma imagem da ci\u00eancia que ela n\u00e3o tem \u2013 por isso precisamos de um grupo grande interdisciplinar para dar conta da reconstru\u00e7\u00e3o dessa imagem. A Hist\u00f3ria da Filosofia nos mostra: a filosofia nasce na cidade, na tentativa do Plat\u00e3o de organizar a polis e determinar quem s\u00e3o as pessoas que podem falar. Ao resto, cabe obedecer. Olha como isso \u00e9 pol\u00edtico: a divis\u00e3o da maneira boa e ruim de pensar, uma certa pregui\u00e7a pol\u00edtica com a massa, ningu\u00e9m quer lidar com a turba falante. Ser\u00e1 que essa \u00e9 a melhor forma de se organizar daqui pra frente? Como o Latour fala, \u201cos cientistas s\u00e3o como os cosm\u00f3logos ou os metaf\u00edsicos, o trabalho n\u00e3o \u00e9 descobrir a natureza, natureza e mundo s\u00e3o marcos temporais, a natureza \u00e9 o que j\u00e1 est\u00e1 a\u00ed, o mundo \u00e9 o que vem. Ent\u00e3o o trabalho do cientista \u00e9 nos preparar para aquilo que vem\u201d. E a pandemia j\u00e1 nos deu algumas pistas sobre como n\u00f3s precisamos refundar nossa rela\u00e7\u00e3o com o conhecimento&#8221;.<\/p>\n<p>[\/et_pb_text][\/et_pb_column][et_pb_column type=&#8221;2_5&#8243; _builder_version=&#8221;4.19.0&#8243; _module_preset=&#8221;default&#8221; global_colors_info=&#8221;{}&#8221;][et_pb_image src=&#8221;https:\/\/marcozero.org\/soudehumanas\/wp-content\/uploads\/2022\/11\/aline.jpg&#8221; alt=&#8221;Foto a\u00e9rea da UFRB. Foto: Divulga\u00e7\u00e3o\/UFRB&#8221; title_text=&#8221;aline&#8221; force_fullwidth=&#8221;on&#8221; _builder_version=&#8221;4.19.0&#8243; _module_preset=&#8221;default&#8221; animation_direction=&#8221;bottom&#8221; scroll_rotating_enable=&#8221;on&#8221; scroll_rotating=&#8221;0|50|50|100|0\u00b0|-3\u00b0|-3\u00b0&#8221; border_width_all=&#8221;10px&#8221; border_color_all=&#8221;#FFFFFF&#8221; box_shadow_style=&#8221;preset4&#8243; box_shadow_horizontal=&#8221;5px&#8221; locked=&#8221;off&#8221; global_colors_info=&#8221;{}&#8221;][\/et_pb_image][et_pb_text _builder_version=&#8221;4.19.0&#8243; _module_preset=&#8221;default&#8221; text_font=&#8221;||||||||&#8221; text_font_size=&#8221;16px&#8221; text_line_height=&#8221;1.4em&#8221; custom_margin=&#8221;|||30px|false|false&#8221; scroll_rotating_enable=&#8221;on&#8221; scroll_rotating=&#8221;0|50|50|100|0\u00b0|-3\u00b0|-3\u00b0&#8221; locked=&#8221;off&#8221; global_colors_info=&#8221;{}&#8221;]<\/p>\n<p>Alyne Costa, professora de Filosofia da Puc\/Rio, p\u00f3s-doutoranda no Museu Nacional\/UFRJ e pesquisadora do laborat\u00f3rio Filosofias do tempo do agora (UFRJ)<\/p>\n<p>[\/et_pb_text][\/et_pb_column][\/et_pb_row][et_pb_row column_structure=&#8221;2_5,3_5&#8243; _builder_version=&#8221;4.19.0&#8243; _module_preset=&#8221;default&#8221; global_colors_info=&#8221;{}&#8221;][et_pb_column type=&#8221;2_5&#8243; _builder_version=&#8221;4.19.0&#8243; _module_preset=&#8221;default&#8221; global_colors_info=&#8221;{}&#8221;][et_pb_image src=&#8221;https:\/\/marcozero.org\/soudehumanas\/wp-content\/uploads\/2022\/11\/ligia.jpg&#8221; alt=&#8221;Foto a\u00e9rea da UFRB. Foto: Divulga\u00e7\u00e3o\/UFRB&#8221; title_text=&#8221;ligia&#8221; force_fullwidth=&#8221;on&#8221; _builder_version=&#8221;4.19.0&#8243; _module_preset=&#8221;default&#8221; animation_direction=&#8221;bottom&#8221; scroll_rotating_enable=&#8221;on&#8221; scroll_rotating=&#8221;0|50|50|100|0\u00b0|3\u00b0|3\u00b0&#8221; border_width_all=&#8221;10px&#8221; border_color_all=&#8221;#FFFFFF&#8221; box_shadow_style=&#8221;preset4&#8243; box_shadow_horizontal=&#8221;5px&#8221; locked=&#8221;off&#8221; global_colors_info=&#8221;{}&#8221;][\/et_pb_image][et_pb_text _builder_version=&#8221;4.19.0&#8243; _module_preset=&#8221;default&#8221; text_font=&#8221;||||||||&#8221; text_font_size=&#8221;16px&#8221; text_line_height=&#8221;1.4em&#8221; text_orientation=&#8221;right&#8221; custom_margin=&#8221;|30px|||false|false&#8221; scroll_rotating_enable=&#8221;on&#8221; scroll_rotating=&#8221;0|50|50|100|0\u00b0|3\u00b0|3\u00b0&#8221; locked=&#8221;off&#8221; global_colors_info=&#8221;{}&#8221;]<\/p>\n<p>L\u00edgia Bahia, m\u00e9dica e professora da UFRJ, tem mestrado e doutorado em Sa\u00fade P\u00fablica pela Funda\u00e7\u00e3o Oswaldo Cruz, com \u00eanfase em Pol\u00edticas de Sa\u00fade e Planejamento<\/p>\n<p>[\/et_pb_text][\/et_pb_column][et_pb_column type=&#8221;3_5&#8243; _builder_version=&#8221;4.19.0&#8243; _module_preset=&#8221;default&#8221; background_image=&#8221;https:\/\/marcozero.org\/soudehumanas\/wp-content\/uploads\/2022\/11\/bg-baloes.png&#8221; background_size=&#8221;contain&#8221; background_position=&#8221;top_right&#8221; background_last_edited=&#8221;on|phone&#8221; background_image_phone=&#8221;https:\/\/marcozero.org\/soudehumanas\/wp-content\/uploads\/2022\/11\/bg-baloes-2.png&#8221; background_enable_image_phone=&#8221;on&#8221; background_position_phone=&#8221;top_center&#8221; global_colors_info=&#8221;{}&#8221;][et_pb_text _builder_version=&#8221;4.19.2&#8243; _module_preset=&#8221;default&#8221; background_color=&#8221;#FFFFFF&#8221; width=&#8221;85%&#8221; module_alignment=&#8221;right&#8221; custom_margin_tablet=&#8221;&#8221; custom_margin_phone=&#8221;60px||||false|false&#8221; custom_margin_last_edited=&#8221;on|phone&#8221; custom_padding=&#8221;40px|40px|40px|40px|true|true&#8221; border_radii=&#8221;on|15px|15px|15px|15px&#8221; global_colors_info=&#8221;{}&#8221;]<\/p>\n<p>&#8220;A gente precisa de um ministro da Educa\u00e7\u00e3o que saiba que na realidade s\u00e3o as Ci\u00eancias Sociais e Humanas as mais relevantes da produ\u00e7\u00e3o cient\u00edfica brasileira. \u00c9 claro que toda produ\u00e7\u00e3o cient\u00edfica \u00e9 importante, mas onde n\u00f3s nos destacamos hoje \u00e9 nas Sociais e Humanas, isso \u00e9 um fato. Eu gostaria muito de ter um ministro que soubesse disso, um ministro que conhecesse o Conhecimento. Toda essa vincula\u00e7\u00e3o do conhecimento com tecnologia, a exemplo do Future-se, \u00e9 uma coisa que joga a gente pra tr\u00e1s, porque impede que flores\u00e7a isso que n\u00f3s j\u00e1 somos: um pa\u00eds que \u00e9 capaz de pensar pol\u00edticas p\u00fablicas, que \u00e9 capaz de pensar a sociedade e compreender a identidade brasileira como um todo&#8221;.<\/p>\n<p>[\/et_pb_text][\/et_pb_column][\/et_pb_row][et_pb_row column_structure=&#8221;3_5,2_5&#8243; _builder_version=&#8221;4.19.0&#8243; _module_preset=&#8221;default&#8221; global_colors_info=&#8221;{}&#8221;][et_pb_column type=&#8221;3_5&#8243; _builder_version=&#8221;4.19.0&#8243; _module_preset=&#8221;default&#8221; background_image=&#8221;https:\/\/marcozero.org\/soudehumanas\/wp-content\/uploads\/2022\/11\/bg-baloes.png&#8221; background_size=&#8221;contain&#8221; background_position=&#8221;top_right&#8221; background_last_edited=&#8221;on|phone&#8221; background_position_phone=&#8221;bottom_center&#8221; global_colors_info=&#8221;{}&#8221;][et_pb_text _builder_version=&#8221;4.19.0&#8243; _module_preset=&#8221;default&#8221; background_color=&#8221;#FFFFFF&#8221; width=&#8221;85%&#8221; custom_margin_tablet=&#8221;&#8221; custom_margin_phone=&#8221;||60px||false|false&#8221; custom_margin_last_edited=&#8221;on|phone&#8221; custom_padding=&#8221;40px|40px|40px|40px|true|true&#8221; border_radii=&#8221;on|15px|15px|15px|15px&#8221; global_colors_info=&#8221;{}&#8221;]<\/p>\n<p>&#8220;Acolher os estudantes pobres nos primeiros anos de curso, porque se ele entra e n\u00e3o \u00e9 acolhido pela universidade, vai sair. Acolher com bolsa, com alojamento, com est\u00e1gio, est\u00edmulo. Eu bato muito nessa tecla: o estudante muitas vezes n\u00e3o acredita que ele pode fazer aquele curso. Ele entra e ainda fica: \u201cSer\u00e1 que eu dou conta de ficar aqui?&#8221;. Ent\u00e3o as pol\u00edticas de perman\u00eancia simb\u00f3lica precisam estar garantidas. N\u00e3o \u00e9 sem motivo que a gente v\u00ea uma pol\u00edtica de desintegra\u00e7\u00e3o desses cursos: os cursos de Humanas s\u00e3o tamb\u00e9m do pensar, do elaborar situa\u00e7\u00e3o social, econ\u00f4mica, s\u00e3o cursos que v\u00e3o interpretar a realidade social.&#8221;<\/p>\n<p>[\/et_pb_text][\/et_pb_column][et_pb_column type=&#8221;2_5&#8243; _builder_version=&#8221;4.19.0&#8243; _module_preset=&#8221;default&#8221; global_colors_info=&#8221;{}&#8221;][et_pb_image src=&#8221;https:\/\/marcozero.org\/soudehumanas\/wp-content\/uploads\/2022\/11\/dyane2.jpg&#8221; alt=&#8221;Foto a\u00e9rea da UFRB. Foto: Divulga\u00e7\u00e3o\/UFRB&#8221; title_text=&#8221;dyane2&#8243; force_fullwidth=&#8221;on&#8221; _builder_version=&#8221;4.19.0&#8243; _module_preset=&#8221;default&#8221; animation_direction=&#8221;bottom&#8221; scroll_rotating_enable=&#8221;on&#8221; scroll_rotating=&#8221;0|50|50|100|0\u00b0|-3\u00b0|-3\u00b0&#8221; border_width_all=&#8221;10px&#8221; border_color_all=&#8221;#FFFFFF&#8221; box_shadow_style=&#8221;preset4&#8243; box_shadow_horizontal=&#8221;5px&#8221; locked=&#8221;off&#8221; global_colors_info=&#8221;{}&#8221;][\/et_pb_image][et_pb_text _builder_version=&#8221;4.19.0&#8243; _module_preset=&#8221;default&#8221; text_font=&#8221;||||||||&#8221; text_font_size=&#8221;16px&#8221; text_line_height=&#8221;1.4em&#8221; custom_margin=&#8221;|||30px|false|false&#8221; scroll_rotating_enable=&#8221;on&#8221; scroll_rotating=&#8221;0|50|50|100|0\u00b0|-3\u00b0|-3\u00b0&#8221; locked=&#8221;off&#8221; global_colors_info=&#8221;{}&#8221;]Dyane Brito, professora de Sociologia da Educa\u00e7\u00e3o e diretora do Centro de Artes, Humanidades e Letras da UFRB [\/et_pb_text][\/et_pb_column][\/et_pb_row][et_pb_row column_structure=&#8221;2_5,3_5&#8243; _builder_version=&#8221;4.19.0&#8243; _module_preset=&#8221;default&#8221; global_colors_info=&#8221;{}&#8221;][et_pb_column type=&#8221;2_5&#8243; _builder_version=&#8221;4.19.0&#8243; _module_preset=&#8221;default&#8221; global_colors_info=&#8221;{}&#8221;][et_pb_image src=&#8221;https:\/\/marcozero.org\/soudehumanas\/wp-content\/uploads\/2022\/11\/maria-paula.jpg&#8221; alt=&#8221;Foto a\u00e9rea da UFRB. Foto: Divulga\u00e7\u00e3o\/UFRB&#8221; title_text=&#8221;maria-paula&#8221; force_fullwidth=&#8221;on&#8221; _builder_version=&#8221;4.19.0&#8243; _module_preset=&#8221;default&#8221; animation_direction=&#8221;bottom&#8221; scroll_rotating_enable=&#8221;on&#8221; scroll_rotating=&#8221;0|50|50|100|0\u00b0|3\u00b0|3\u00b0&#8221; border_width_all=&#8221;10px&#8221; border_color_all=&#8221;#FFFFFF&#8221; box_shadow_style=&#8221;preset4&#8243; box_shadow_horizontal=&#8221;5px&#8221; locked=&#8221;off&#8221; global_colors_info=&#8221;{}&#8221;][\/et_pb_image][et_pb_text _builder_version=&#8221;4.19.0&#8243; _module_preset=&#8221;default&#8221; text_font=&#8221;||||||||&#8221; text_font_size=&#8221;16px&#8221; text_line_height=&#8221;1.4em&#8221; text_orientation=&#8221;right&#8221; custom_margin=&#8221;|30px|||false|false&#8221; scroll_rotating_enable=&#8221;on&#8221; scroll_rotating=&#8221;0|50|50|100|0\u00b0|3\u00b0|3\u00b0&#8221; locked=&#8221;off&#8221; global_colors_info=&#8221;{}&#8221;]<\/p>\n<p>Maria Paula Prates, professora de Antropologia Social na UFRGS.<\/p>\n<p>[\/et_pb_text][\/et_pb_column][et_pb_column type=&#8221;3_5&#8243; _builder_version=&#8221;4.19.0&#8243; _module_preset=&#8221;default&#8221; background_image=&#8221;https:\/\/marcozero.org\/soudehumanas\/wp-content\/uploads\/2022\/11\/bg-baloes.png&#8221; background_size=&#8221;contain&#8221; background_position=&#8221;top_right&#8221; background_last_edited=&#8221;on|phone&#8221; background_image_phone=&#8221;https:\/\/marcozero.org\/soudehumanas\/wp-content\/uploads\/2022\/11\/bg-baloes-2.png&#8221; background_enable_image_phone=&#8221;on&#8221; background_position_phone=&#8221;top_center&#8221; global_colors_info=&#8221;{}&#8221;][et_pb_text _builder_version=&#8221;4.19.0&#8243; _module_preset=&#8221;default&#8221; background_color=&#8221;#FFFFFF&#8221; width=&#8221;85%&#8221; module_alignment=&#8221;right&#8221; custom_margin_tablet=&#8221;&#8221; custom_margin_phone=&#8221;60px||||false|false&#8221; custom_margin_last_edited=&#8221;on|phone&#8221; custom_padding=&#8221;40px|40px|40px|40px|true|true&#8221; border_radii=&#8221;on|15px|15px|15px|15px&#8221; global_colors_info=&#8221;{}&#8221;]<\/p>\n<p>&#8220;A primeira coisa \u00e9 voltar ao padr\u00e3o de investimento de antes do governo Bolsonaro e investir ainda mais. N\u00e3o tem como fazer a\u00e7\u00f5es e pesquisas que n\u00e3o tenham no corpo da equipe um cientista social, \u00e9 um aspecto que as ci\u00eancias da vida, ci\u00eancias da sa\u00fade n\u00e3o d\u00e3o conta. Existem equipes de trabalho na Inglaterra que n\u00e3o s\u00e3o aprovadas se n\u00e3o houver um cientista social no grupo. Um exemplo cl\u00e1ssico s\u00e3o as epidemias de ebola em que os antrop\u00f3logos foram fundamentais, assim como na tuberculose, na HIV. O Brasil sempre foi um grande exemplo no combate ao HIV no mundo. Nos estudos da d\u00e9cada de 90 os antrop\u00f3logos j\u00e1 tinham apontado toda a complexidade paralela \u00e0 cria\u00e7\u00e3o de uma vacina que eram todas as a\u00e7\u00f5es para convencer as pessoas a usar a camisinha, de evitar o cont\u00e1gio, de fazer sexo protegido. Em alguns contextos as respostas eram negativas, pois as pessoas n\u00e3o acreditavam que as chances de cont\u00e1gio eram maiores do que a pr\u00f3pria expectativa de vida que elas tinham. Essas s\u00e3o quest\u00f5es que soci\u00f3logos e antrop\u00f3logos ajudam a tematizar e pensar junto. N\u00e3o adianta criar cartilhas pra pessoa tomar vacina se voc\u00ea n\u00e3o est\u00e1 entendendo porque as pessoas n\u00e3o querem tomar vacinas. Quais s\u00e3o as l\u00f3gicas de mundo que est\u00e3o ali, o que faz sentido pra essas pessoas, e antrop\u00f3logos s\u00e3o muito mais treinados pra essa investiga\u00e7\u00e3o. Por isso o governo federal deve assegurar a legitimidade de trabalho desses profissionais&#8221;.<\/p>\n<p>[\/et_pb_text][\/et_pb_column][\/et_pb_row][et_pb_row column_structure=&#8221;3_5,2_5&#8243; admin_label=&#8221;Linha&#8221; _builder_version=&#8221;4.19.0&#8243; _module_preset=&#8221;default&#8221; global_colors_info=&#8221;{}&#8221;][et_pb_column type=&#8221;3_5&#8243; _builder_version=&#8221;4.19.0&#8243; _module_preset=&#8221;default&#8221; background_image=&#8221;https:\/\/marcozero.org\/soudehumanas\/wp-content\/uploads\/2022\/11\/bg-baloes.png&#8221; background_size=&#8221;contain&#8221; background_position=&#8221;top_right&#8221; background_last_edited=&#8221;on|phone&#8221; background_position_phone=&#8221;bottom_center&#8221; global_colors_info=&#8221;{}&#8221;][et_pb_text _builder_version=&#8221;4.19.0&#8243; _module_preset=&#8221;default&#8221; background_color=&#8221;#FFFFFF&#8221; width=&#8221;85%&#8221; custom_margin_tablet=&#8221;&#8221; custom_margin_phone=&#8221;||60px||false|false&#8221; custom_margin_last_edited=&#8221;on|phone&#8221; custom_padding=&#8221;40px|40px|40px|40px|true|true&#8221; border_radii=&#8221;on|15px|15px|15px|15px&#8221; global_colors_info=&#8221;{}&#8221;]&#8221;A palavra dessa hist\u00f3ria \u00e9 integra\u00e7\u00e3o. Transdisciplinaridade. Ultrapassar uma ideia antiga de que as ci\u00eancias operam individualmente e mostrar como as ci\u00eancias se unem de um modo mais sin\u00e9rgico. Qualquer projeto cient\u00edfico vai ter um quadro mais completo e melhor analisado se mais saberes estiverem andando em paralelo. A gente deve brigar por uma forma\u00e7\u00e3o human\u00edstica, como era no Renascimento. Menos conte\u00fado e mais integra\u00e7\u00e3o de saberes. Eu acho que esse \u00e9 o caminho e onde eu vejo que funciona nos pa\u00edses que tem uma educa\u00e7\u00e3o muito forte. D\u00e3o prioridade a uma conex\u00e3o de saberes mais do que quantidade de conte\u00fado especializado&#8221;.[\/et_pb_text][\/et_pb_column][et_pb_column type=&#8221;2_5&#8243; _builder_version=&#8221;4.19.0&#8243; _module_preset=&#8221;default&#8221; global_colors_info=&#8221;{}&#8221;][et_pb_image src=&#8221;https:\/\/marcozero.org\/soudehumanas\/wp-content\/uploads\/2022\/11\/carlos-alexandre.png&#8221; alt=&#8221;Foto a\u00e9rea da UFRB. Foto: Divulga\u00e7\u00e3o\/UFRB&#8221; title_text=&#8221;carlos-alexandre&#8221; force_fullwidth=&#8221;on&#8221; _builder_version=&#8221;4.19.0&#8243; _module_preset=&#8221;default&#8221; animation_direction=&#8221;bottom&#8221; scroll_rotating_enable=&#8221;on&#8221; scroll_rotating=&#8221;0|50|50|100|0\u00b0|-3\u00b0|-3\u00b0&#8221; border_width_all=&#8221;10px&#8221; border_color_all=&#8221;#FFFFFF&#8221; box_shadow_style=&#8221;preset4&#8243; box_shadow_horizontal=&#8221;5px&#8221; locked=&#8221;off&#8221; global_colors_info=&#8221;{}&#8221;][\/et_pb_image][et_pb_text _builder_version=&#8221;4.19.0&#8243; _module_preset=&#8221;default&#8221; text_font=&#8221;||||||||&#8221; text_font_size=&#8221;16px&#8221; text_line_height=&#8221;1.4em&#8221; custom_margin=&#8221;|||30px|false|false&#8221; scroll_rotating_enable=&#8221;on&#8221; scroll_rotating=&#8221;0|50|50|100|0\u00b0|-3\u00b0|-3\u00b0&#8221; locked=&#8221;off&#8221; global_colors_info=&#8221;{}&#8221;]Carlos Alexandre Wuensche, f\u00edsico e astrof\u00edsico e professor do Instituto Nacional de Pesquisas Espaciais, al\u00e9m de violonista de forma\u00e7\u00e3o erudita e integrante do duo Conversa de Cordas[\/et_pb_text][\/et_pb_column][\/et_pb_row][et_pb_row column_structure=&#8221;2_5,3_5&#8243; _builder_version=&#8221;4.19.0&#8243; _module_preset=&#8221;default&#8221; global_colors_info=&#8221;{}&#8221;][et_pb_column type=&#8221;2_5&#8243; _builder_version=&#8221;4.19.0&#8243; _module_preset=&#8221;default&#8221; global_colors_info=&#8221;{}&#8221;][et_pb_image src=&#8221;https:\/\/marcozero.org\/soudehumanas\/wp-content\/uploads\/2022\/11\/henri4-e1559227322223.jpg&#8221; alt=&#8221;Foto a\u00e9rea da UFRB. Foto: Divulga\u00e7\u00e3o\/UFRB&#8221; title_text=&#8221;henri4-e1559227322223&#8243; force_fullwidth=&#8221;on&#8221; _builder_version=&#8221;4.19.0&#8243; _module_preset=&#8221;default&#8221; animation_direction=&#8221;bottom&#8221; scroll_rotating_enable=&#8221;on&#8221; scroll_rotating=&#8221;0|50|50|100|0\u00b0|3\u00b0|3\u00b0&#8221; border_width_all=&#8221;10px&#8221; border_color_all=&#8221;#FFFFFF&#8221; box_shadow_style=&#8221;preset4&#8243; box_shadow_horizontal=&#8221;5px&#8221; locked=&#8221;off&#8221; global_colors_info=&#8221;{}&#8221;][\/et_pb_image][et_pb_text _builder_version=&#8221;4.19.0&#8243; _module_preset=&#8221;default&#8221; text_font=&#8221;||||||||&#8221; text_font_size=&#8221;16px&#8221; text_line_height=&#8221;1.4em&#8221; text_orientation=&#8221;right&#8221; custom_margin=&#8221;|30px|||false|false&#8221; scroll_rotating_enable=&#8221;on&#8221; scroll_rotating=&#8221;0|50|50|100|0\u00b0|3\u00b0|3\u00b0&#8221; locked=&#8221;off&#8221; global_colors_info=&#8221;{}&#8221;]<\/p>\n<p>Henry Acselrad \u00e9 professor do Instituto de Pesquisa e Planejamento Urbano e Regional da Universidade Federal do Rio de Janeiro (IPPUR\/UFRJ).<\/p>\n<p>[\/et_pb_text][\/et_pb_column][et_pb_column type=&#8221;3_5&#8243; _builder_version=&#8221;4.19.0&#8243; _module_preset=&#8221;default&#8221; background_image=&#8221;https:\/\/marcozero.org\/soudehumanas\/wp-content\/uploads\/2022\/11\/bg-baloes.png&#8221; background_size=&#8221;contain&#8221; background_position=&#8221;top_right&#8221; background_last_edited=&#8221;on|phone&#8221; background_image_phone=&#8221;https:\/\/marcozero.org\/soudehumanas\/wp-content\/uploads\/2022\/11\/bg-baloes-2.png&#8221; background_enable_image_phone=&#8221;on&#8221; background_position_phone=&#8221;top_center&#8221; global_colors_info=&#8221;{}&#8221;][et_pb_text _builder_version=&#8221;4.19.0&#8243; _module_preset=&#8221;default&#8221; background_color=&#8221;#FFFFFF&#8221; width=&#8221;85%&#8221; module_alignment=&#8221;right&#8221; custom_margin_tablet=&#8221;&#8221; custom_margin_phone=&#8221;60px||||false|false&#8221; custom_margin_last_edited=&#8221;on|phone&#8221; custom_padding=&#8221;80px|40px|80px|40px|true|true&#8221; border_radii=&#8221;on|15px|15px|15px|15px&#8221; global_colors_info=&#8221;{}&#8221;]<\/p>\n<p>&#8220;Proteger a liberdade acad\u00eamica como parte integrante das liberdades p\u00fablicas fundamentais. Para se combater as for\u00e7as do obscurantismo, \u00e9 preciso proteger e defender os pesquisadores e pesquisadoras amea\u00e7ados e assegurar o exerc\u00edcio da liberdade de pesquisa, ensino e divulga\u00e7\u00e3o do pensamento, da arte e do saber&#8221;.<\/p>\n<p>[\/et_pb_text][\/et_pb_column][\/et_pb_row][et_pb_row column_structure=&#8221;3_5,2_5&#8243; _builder_version=&#8221;4.19.0&#8243; _module_preset=&#8221;default&#8221; global_colors_info=&#8221;{}&#8221;][et_pb_column type=&#8221;3_5&#8243; _builder_version=&#8221;4.19.0&#8243; _module_preset=&#8221;default&#8221; background_image=&#8221;https:\/\/marcozero.org\/soudehumanas\/wp-content\/uploads\/2022\/11\/bg-baloes.png&#8221; background_size=&#8221;contain&#8221; background_position=&#8221;top_right&#8221; background_last_edited=&#8221;on|phone&#8221; background_position_phone=&#8221;bottom_center&#8221; global_colors_info=&#8221;{}&#8221;][et_pb_text _builder_version=&#8221;4.19.0&#8243; _module_preset=&#8221;default&#8221; background_color=&#8221;#FFFFFF&#8221; width=&#8221;85%&#8221; custom_margin_tablet=&#8221;&#8221; custom_margin_phone=&#8221;||60px||false|false&#8221; custom_margin_last_edited=&#8221;on|phone&#8221; custom_padding=&#8221;40px|40px|40px|40px|true|true&#8221; border_radii=&#8221;on|15px|15px|15px|15px&#8221; global_colors_info=&#8221;{}&#8221;]&#8221;Para as universidades, para os institutos de pesquisa e para todos e todas que pensam e articulam a educa\u00e7\u00e3o e a ci\u00eancia a servi\u00e7o da sociedade, \u00e9 importante defender a autonomia acad\u00eamica e a gest\u00e3o democr\u00e1tica como elementos da liberdade de pensamento, de c\u00e1tedra, de pesquisa e da manifesta\u00e7\u00e3o de identidades. Esse ser\u00e1 um ponto fundamental e estruturante para que a sociedade possa exercer o Estado democr\u00e1tico de direito.&#8221;[\/et_pb_text][\/et_pb_column][et_pb_column type=&#8221;2_5&#8243; _builder_version=&#8221;4.19.0&#8243; _module_preset=&#8221;default&#8221; global_colors_info=&#8221;{}&#8221;][et_pb_image src=&#8221;https:\/\/marcozero.org\/soudehumanas\/wp-content\/uploads\/2022\/11\/Soraya_Smaili.jpg&#8221; alt=&#8221;Foto a\u00e9rea da UFRB. Foto: Divulga\u00e7\u00e3o\/UFRB&#8221; title_text=&#8221;Soraya_Smaili&#8221; force_fullwidth=&#8221;on&#8221; _builder_version=&#8221;4.19.0&#8243; _module_preset=&#8221;default&#8221; animation_direction=&#8221;bottom&#8221; scroll_rotating_enable=&#8221;on&#8221; scroll_rotating=&#8221;0|50|50|100|0\u00b0|-3\u00b0|-3\u00b0&#8221; border_width_all=&#8221;10px&#8221; border_color_all=&#8221;#FFFFFF&#8221; box_shadow_style=&#8221;preset4&#8243; box_shadow_horizontal=&#8221;5px&#8221; locked=&#8221;off&#8221; global_colors_info=&#8221;{}&#8221;][\/et_pb_image][et_pb_text _builder_version=&#8221;4.19.0&#8243; _module_preset=&#8221;default&#8221; text_font=&#8221;||||||||&#8221; text_font_size=&#8221;16px&#8221; text_line_height=&#8221;1.4em&#8221; custom_margin=&#8221;|||30px|false|false&#8221; scroll_rotating_enable=&#8221;on&#8221; scroll_rotating=&#8221;0|50|50|100|0\u00b0|-3\u00b0|-3\u00b0&#8221; locked=&#8221;off&#8221; global_colors_info=&#8221;{}&#8221;]Soraya Smaili, Unifesp[\/et_pb_text][\/et_pb_column][\/et_pb_row][et_pb_row column_structure=&#8221;2_5,3_5&#8243; _builder_version=&#8221;4.19.0&#8243; _module_preset=&#8221;default&#8221; global_colors_info=&#8221;{}&#8221;][et_pb_column type=&#8221;2_5&#8243; _builder_version=&#8221;4.19.0&#8243; _module_preset=&#8221;default&#8221; global_colors_info=&#8221;{}&#8221;][et_pb_image src=&#8221;https:\/\/marcozero.org\/soudehumanas\/wp-content\/uploads\/2022\/12\/WhatsApp-Image-2022-12-02-at-14.25.33.jpeg&#8221; alt=&#8221;Foto a\u00e9rea da UFRB. Foto: Divulga\u00e7\u00e3o\/UFRB&#8221; title_text=&#8221;WhatsApp Image 2022-12-02 at 14.25.33&#8243; force_fullwidth=&#8221;on&#8221; _builder_version=&#8221;4.19.2&#8243; _module_preset=&#8221;default&#8221; animation_direction=&#8221;bottom&#8221; scroll_rotating_enable=&#8221;on&#8221; scroll_rotating=&#8221;0|50|50|100|0\u00b0|3\u00b0|3\u00b0&#8221; border_width_all=&#8221;10px&#8221; border_color_all=&#8221;#FFFFFF&#8221; box_shadow_style=&#8221;preset4&#8243; box_shadow_horizontal=&#8221;5px&#8221; locked=&#8221;off&#8221; global_colors_info=&#8221;{}&#8221;][\/et_pb_image][et_pb_text _builder_version=&#8221;4.19.2&#8243; _module_preset=&#8221;default&#8221; text_font=&#8221;||||||||&#8221; text_font_size=&#8221;16px&#8221; text_line_height=&#8221;1.4em&#8221; text_orientation=&#8221;right&#8221; custom_margin=&#8221;|30px|||false|false&#8221; scroll_rotating_enable=&#8221;on&#8221; scroll_rotating=&#8221;0|50|50|100|0\u00b0|3\u00b0|3\u00b0&#8221; locked=&#8221;off&#8221; global_colors_info=&#8221;{}&#8221;]Carlos Zacarias, professor de Hist\u00f3ria da UFBA.[\/et_pb_text][\/et_pb_column][et_pb_column type=&#8221;3_5&#8243; _builder_version=&#8221;4.19.0&#8243; _module_preset=&#8221;default&#8221; background_image=&#8221;https:\/\/marcozero.org\/soudehumanas\/wp-content\/uploads\/2022\/11\/bg-baloes.png&#8221; background_size=&#8221;contain&#8221; background_position=&#8221;top_right&#8221; background_last_edited=&#8221;on|phone&#8221; background_image_phone=&#8221;https:\/\/marcozero.org\/soudehumanas\/wp-content\/uploads\/2022\/11\/bg-baloes-2.png&#8221; background_enable_image_phone=&#8221;on&#8221; background_position_phone=&#8221;top_center&#8221; global_colors_info=&#8221;{}&#8221;][et_pb_text _builder_version=&#8221;4.19.2&#8243; _module_preset=&#8221;default&#8221; background_color=&#8221;#FFFFFF&#8221; width=&#8221;85%&#8221; module_alignment=&#8221;right&#8221; custom_margin_tablet=&#8221;&#8221; custom_margin_phone=&#8221;60px||||false|false&#8221; custom_margin_last_edited=&#8221;on|phone&#8221; custom_padding=&#8221;40px|40px|40px|40px|true|true&#8221; border_radii=&#8221;on|15px|15px|15px|15px&#8221; global_colors_info=&#8221;{}&#8221;]O pr\u00f3ximo governo deve investir em duas frentes para recuperar o prest\u00edgio das Ci\u00eancias Humanas: no m\u00e9dio prazo, restabelecer os f\u00f3runs com a sociedade civil sobre educa\u00e7\u00e3o. No sentido de que sejamos capazes de reinserir os dispositivos das Ci\u00eancias Humanas em rela\u00e7\u00e3o ao passado, especialmente os da Hist\u00f3ria, que nos ajudem a fazer um percurso de mem\u00f3ria em rela\u00e7\u00e3o aos nossos passados traum\u00e1ticos, mesmo os do bolsonarismo. Mas n\u00e3o apenas: o passado da ditadura militar e o passado da escravid\u00e3o. Entender com a sociedade civil de que modo isso deve ser feito. E paralelamente \u00e9 preciso que se revogue a Reforma do Ensino M\u00e9dio, que diminui a carga hor\u00e1ria de disciplinas humanas, como a Filosofia e a Sociologia, em favor de disciplinas estranhas, como empreendedorismo, &#8220;projetos de vida&#8221;, e outras coisas bizarras&#8221;.[\/et_pb_text][\/et_pb_column][\/et_pb_row][\/et_pb_section]<\/p>\n","protected":false},"excerpt":{"rendered":"<p>O papel das Humanas no Brasil do FuturoCientistas ouvidos para a reportagem deixam suas sugest\u00f5es:\u00a0 O que o governo federal deveria fazer para recuperar o prest\u00edgio da \u00e1rea das Ci\u00eancias Humanas a partir de 2023?&#8221;Pensar meios inteligentes de fazer perguntas de forma a criar nas pessoas um interesse real em Ci\u00eancia, n\u00e3o s\u00f3 presumir que [&hellip;]<\/p>\n","protected":false},"author":1,"featured_media":0,"parent":0,"menu_order":0,"comment_status":"closed","ping_status":"closed","template":"","meta":{"_et_pb_use_builder":"on","_et_pb_old_content":"","_et_gb_content_width":"","footnotes":""},"class_list":["post-47751","page","type-page","status-publish","hentry"],"yoast_head":"<!-- This site is optimized with the Yoast SEO plugin v20.1 - https:\/\/yoast.com\/wordpress\/plugins\/seo\/ -->\n<title>O papel das Ci\u00eancias Humanas no Brasil de amanh\u00e3 - #SOUdeHUMANAS<\/title>\n<meta name=\"robots\" content=\"index, follow, max-snippet:-1, max-image-preview:large, max-video-preview:-1\" \/>\n<link rel=\"canonical\" href=\"https:\/\/marcozero.org\/soudehumanas\/o-papel-das-ciencias-humanas-no-brasil-de-amanha\/\" \/>\n<meta property=\"og:locale\" content=\"pt_BR\" \/>\n<meta property=\"og:type\" content=\"article\" \/>\n<meta property=\"og:title\" content=\"O papel das Ci\u00eancias Humanas no Brasil de amanh\u00e3 - #SOUdeHUMANAS\" \/>\n<meta property=\"og:description\" content=\"O papel das Humanas no Brasil do FuturoCientistas ouvidos para a reportagem deixam suas sugest\u00f5es:\u00a0 O que o governo federal deveria fazer para recuperar o prest\u00edgio da \u00e1rea das Ci\u00eancias Humanas a partir de 2023?&quot;Pensar meios inteligentes de fazer perguntas de forma a criar nas pessoas um interesse real em Ci\u00eancia, n\u00e3o s\u00f3 presumir que [&hellip;]\" \/>\n<meta property=\"og:url\" content=\"https:\/\/marcozero.org\/soudehumanas\/o-papel-das-ciencias-humanas-no-brasil-de-amanha\/\" \/>\n<meta property=\"og:site_name\" content=\"#SOUdeHUMANAS\" \/>\n<meta property=\"article:modified_time\" content=\"2022-12-06T17:42:38+00:00\" \/>\n<meta property=\"og:image\" content=\"https:\/\/marcozero.org\/soudehumanas\/wp-content\/uploads\/2022\/12\/chamada-redes.jpg\" \/>\n\t<meta property=\"og:image:width\" content=\"512\" \/>\n\t<meta property=\"og:image:height\" content=\"512\" \/>\n\t<meta property=\"og:image:type\" content=\"image\/jpeg\" \/>\n<meta name=\"twitter:card\" content=\"summary_large_image\" \/>\n<meta name=\"twitter:label1\" content=\"Est. tempo de leitura\" \/>\n\t<meta name=\"twitter:data1\" content=\"19 minutos\" \/>\n<script type=\"application\/ld+json\" class=\"yoast-schema-graph\">{\"@context\":\"https:\/\/schema.org\",\"@graph\":[{\"@type\":\"WebPage\",\"@id\":\"https:\/\/marcozero.org\/soudehumanas\/o-papel-das-ciencias-humanas-no-brasil-de-amanha\/\",\"url\":\"https:\/\/marcozero.org\/soudehumanas\/o-papel-das-ciencias-humanas-no-brasil-de-amanha\/\",\"name\":\"O papel das Ci\u00eancias Humanas no Brasil de amanh\u00e3 - #SOUdeHUMANAS\",\"isPartOf\":{\"@id\":\"https:\/\/marcozero.org\/soudehumanas\/#website\"},\"datePublished\":\"2022-11-15T19:37:10+00:00\",\"dateModified\":\"2022-12-06T17:42:38+00:00\",\"breadcrumb\":{\"@id\":\"https:\/\/marcozero.org\/soudehumanas\/o-papel-das-ciencias-humanas-no-brasil-de-amanha\/#breadcrumb\"},\"inLanguage\":\"pt-BR\",\"potentialAction\":[{\"@type\":\"ReadAction\",\"target\":[\"https:\/\/marcozero.org\/soudehumanas\/o-papel-das-ciencias-humanas-no-brasil-de-amanha\/\"]}]},{\"@type\":\"BreadcrumbList\",\"@id\":\"https:\/\/marcozero.org\/soudehumanas\/o-papel-das-ciencias-humanas-no-brasil-de-amanha\/#breadcrumb\",\"itemListElement\":[{\"@type\":\"ListItem\",\"position\":1,\"name\":\"In\u00edcio\",\"item\":\"https:\/\/marcozero.org\/soudehumanas\/\"},{\"@type\":\"ListItem\",\"position\":2,\"name\":\"O papel das Ci\u00eancias Humanas no Brasil de amanh\u00e3\"}]},{\"@type\":\"WebSite\",\"@id\":\"https:\/\/marcozero.org\/soudehumanas\/#website\",\"url\":\"https:\/\/marcozero.org\/soudehumanas\/\",\"name\":\"#SOUdeHUMANAS\",\"description\":\"\",\"publisher\":{\"@id\":\"https:\/\/marcozero.org\/soudehumanas\/#organization\"},\"potentialAction\":[{\"@type\":\"SearchAction\",\"target\":{\"@type\":\"EntryPoint\",\"urlTemplate\":\"https:\/\/marcozero.org\/soudehumanas\/?s={search_term_string}\"},\"query-input\":\"required name=search_term_string\"}],\"inLanguage\":\"pt-BR\"},{\"@type\":\"Organization\",\"@id\":\"https:\/\/marcozero.org\/soudehumanas\/#organization\",\"name\":\"#SOUdeHUMANAS\",\"url\":\"https:\/\/marcozero.org\/soudehumanas\/\",\"logo\":{\"@type\":\"ImageObject\",\"inLanguage\":\"pt-BR\",\"@id\":\"https:\/\/marcozero.org\/soudehumanas\/#\/schema\/logo\/image\/\",\"url\":\"https:\/\/marcozero.org\/soudehumanas\/wp-content\/uploads\/2022\/12\/chamada-redes.jpg\",\"contentUrl\":\"https:\/\/marcozero.org\/soudehumanas\/wp-content\/uploads\/2022\/12\/chamada-redes.jpg\",\"width\":512,\"height\":512,\"caption\":\"#SOUdeHUMANAS\"},\"image\":{\"@id\":\"https:\/\/marcozero.org\/soudehumanas\/#\/schema\/logo\/image\/\"}}]}<\/script>\n<!-- \/ Yoast SEO plugin. -->","yoast_head_json":{"title":"O papel das Ci\u00eancias Humanas no Brasil de amanh\u00e3 - #SOUdeHUMANAS","robots":{"index":"index","follow":"follow","max-snippet":"max-snippet:-1","max-image-preview":"max-image-preview:large","max-video-preview":"max-video-preview:-1"},"canonical":"https:\/\/marcozero.org\/soudehumanas\/o-papel-das-ciencias-humanas-no-brasil-de-amanha\/","og_locale":"pt_BR","og_type":"article","og_title":"O papel das Ci\u00eancias Humanas no Brasil de amanh\u00e3 - #SOUdeHUMANAS","og_description":"O papel das Humanas no Brasil do FuturoCientistas ouvidos para a reportagem deixam suas sugest\u00f5es:\u00a0 O que o governo federal deveria fazer para recuperar o prest\u00edgio da \u00e1rea das Ci\u00eancias Humanas a partir de 2023?\"Pensar meios inteligentes de fazer perguntas de forma a criar nas pessoas um interesse real em Ci\u00eancia, n\u00e3o s\u00f3 presumir que [&hellip;]","og_url":"https:\/\/marcozero.org\/soudehumanas\/o-papel-das-ciencias-humanas-no-brasil-de-amanha\/","og_site_name":"#SOUdeHUMANAS","article_modified_time":"2022-12-06T17:42:38+00:00","og_image":[{"width":512,"height":512,"url":"https:\/\/marcozero.org\/soudehumanas\/wp-content\/uploads\/2022\/12\/chamada-redes.jpg","type":"image\/jpeg"}],"twitter_card":"summary_large_image","twitter_misc":{"Est. tempo de leitura":"19 minutos"},"schema":{"@context":"https:\/\/schema.org","@graph":[{"@type":"WebPage","@id":"https:\/\/marcozero.org\/soudehumanas\/o-papel-das-ciencias-humanas-no-brasil-de-amanha\/","url":"https:\/\/marcozero.org\/soudehumanas\/o-papel-das-ciencias-humanas-no-brasil-de-amanha\/","name":"O papel das Ci\u00eancias Humanas no Brasil de amanh\u00e3 - #SOUdeHUMANAS","isPartOf":{"@id":"https:\/\/marcozero.org\/soudehumanas\/#website"},"datePublished":"2022-11-15T19:37:10+00:00","dateModified":"2022-12-06T17:42:38+00:00","breadcrumb":{"@id":"https:\/\/marcozero.org\/soudehumanas\/o-papel-das-ciencias-humanas-no-brasil-de-amanha\/#breadcrumb"},"inLanguage":"pt-BR","potentialAction":[{"@type":"ReadAction","target":["https:\/\/marcozero.org\/soudehumanas\/o-papel-das-ciencias-humanas-no-brasil-de-amanha\/"]}]},{"@type":"BreadcrumbList","@id":"https:\/\/marcozero.org\/soudehumanas\/o-papel-das-ciencias-humanas-no-brasil-de-amanha\/#breadcrumb","itemListElement":[{"@type":"ListItem","position":1,"name":"In\u00edcio","item":"https:\/\/marcozero.org\/soudehumanas\/"},{"@type":"ListItem","position":2,"name":"O papel das Ci\u00eancias Humanas no Brasil de amanh\u00e3"}]},{"@type":"WebSite","@id":"https:\/\/marcozero.org\/soudehumanas\/#website","url":"https:\/\/marcozero.org\/soudehumanas\/","name":"#SOUdeHUMANAS","description":"","publisher":{"@id":"https:\/\/marcozero.org\/soudehumanas\/#organization"},"potentialAction":[{"@type":"SearchAction","target":{"@type":"EntryPoint","urlTemplate":"https:\/\/marcozero.org\/soudehumanas\/?s={search_term_string}"},"query-input":"required name=search_term_string"}],"inLanguage":"pt-BR"},{"@type":"Organization","@id":"https:\/\/marcozero.org\/soudehumanas\/#organization","name":"#SOUdeHUMANAS","url":"https:\/\/marcozero.org\/soudehumanas\/","logo":{"@type":"ImageObject","inLanguage":"pt-BR","@id":"https:\/\/marcozero.org\/soudehumanas\/#\/schema\/logo\/image\/","url":"https:\/\/marcozero.org\/soudehumanas\/wp-content\/uploads\/2022\/12\/chamada-redes.jpg","contentUrl":"https:\/\/marcozero.org\/soudehumanas\/wp-content\/uploads\/2022\/12\/chamada-redes.jpg","width":512,"height":512,"caption":"#SOUdeHUMANAS"},"image":{"@id":"https:\/\/marcozero.org\/soudehumanas\/#\/schema\/logo\/image\/"}}]}},"_links":{"self":[{"href":"https:\/\/marcozero.org\/soudehumanas\/wp-json\/wp\/v2\/pages\/47751","targetHints":{"allow":["GET"]}}],"collection":[{"href":"https:\/\/marcozero.org\/soudehumanas\/wp-json\/wp\/v2\/pages"}],"about":[{"href":"https:\/\/marcozero.org\/soudehumanas\/wp-json\/wp\/v2\/types\/page"}],"author":[{"embeddable":true,"href":"https:\/\/marcozero.org\/soudehumanas\/wp-json\/wp\/v2\/users\/1"}],"replies":[{"embeddable":true,"href":"https:\/\/marcozero.org\/soudehumanas\/wp-json\/wp\/v2\/comments?post=47751"}],"version-history":[{"count":26,"href":"https:\/\/marcozero.org\/soudehumanas\/wp-json\/wp\/v2\/pages\/47751\/revisions"}],"predecessor-version":[{"id":48218,"href":"https:\/\/marcozero.org\/soudehumanas\/wp-json\/wp\/v2\/pages\/47751\/revisions\/48218"}],"wp:attachment":[{"href":"https:\/\/marcozero.org\/soudehumanas\/wp-json\/wp\/v2\/media?parent=47751"}],"curies":[{"name":"wp","href":"https:\/\/api.w.org\/{rel}","templated":true}]}}